{"id":316,"date":"2025-04-27T23:16:41","date_gmt":"2025-04-27T21:16:41","guid":{"rendered":"https:\/\/dinamix.cat\/?page_id=316"},"modified":"2025-05-13T18:26:58","modified_gmt":"2025-05-13T16:26:58","slug":"declaracio-daccesibilitat","status":"publish","type":"page","link":"https:\/\/dinamix.cat\/es\/declaracio-daccesibilitat\/","title":{"rendered":"Declaraci\u00f3 d&#8217;accesibilitat"},"content":{"rendered":"<div class=\"wpb-content-wrapper\"><div data-vc-full-width=\"true\" data-vc-full-width-temp=\"true\" data-vc-full-width-init=\"false\" data-vc-stretch-content=\"true\" class=\"vc_row wpb_row vc_row-fluid vc_custom_1747153616963\"><div class=\"wpb_column vc_column_container vc_col-sm-12\"><div class=\"vc_column-inner\"><div class=\"wpb_wrapper\">\n\t<div class=\"wpb_text_column wpb_content_element\" >\n\t\t<div class=\"wpb_wrapper\">\n\t\t\t<h2 style=\"text-align: center; font-weight: 400;\"><strong>Declaraci\u00f3 d&#8217;accesibilitat<\/strong><\/h2>\n\n\t\t<\/div>\n\t<\/div>\n\n\t<div class=\"wpb_text_column wpb_content_element\" >\n\t\t<div class=\"wpb_wrapper\">\n\t\t\t<p><span style=\"font-weight: 400;\">La present declaraci\u00f3 d\u2019accessibilitat s\u2019aplica al lloc web https:\/\/www.dinamix.cat<\/span><\/p>\n<p>&nbsp;<\/p>\n<p><b>SITUACI\u00d3 DE COMPLIMENT<\/b><\/p>\n<p><span style=\"font-weight: 400;\">Aquest lloc web \u00e9s parcialment conforme amb el Reial decret 1112\/2018, a causa de les excepcions i de la manca de conformitat dels aspectes que s\u2019indiquen a continuaci\u00f3.<\/span><\/p>\n<p>&nbsp;<\/p>\n<p><b>CONTINGUT NO ACCESSIBLE<\/b><\/p>\n<p><span style=\"font-weight: 400;\">El contingut que es recull a continuaci\u00f3 no \u00e9s accessible pels motius seg\u00fcents:<\/span><\/p>\n<p>&nbsp;<\/p>\n<p><b>Falta de conformitat amb el RD 1112\/2018<\/b><\/p>\n<ul>\n<li style=\"font-weight: 400;\" aria-level=\"1\"><span style=\"font-weight: 400;\">Podrien existir alguns aspectes de contrast que no compleixin els m\u00ednims exigits (3:1) respecte als colors adjacents del fons de certes seccions del lloc web.<\/span><\/li>\n<\/ul>\n<p><span style=\"font-weight: 400;\">[9.1.4.11 Contrast no textual]<\/span><\/p>\n<ul>\n<li style=\"font-weight: 400;\" aria-level=\"1\"><span style=\"font-weight: 400;\">Podrien existir etiquetes o instruccions no etiquetades correctament.<\/span><\/li>\n<\/ul>\n<p><span style=\"font-weight: 400;\">[9.3.3.2 Etiquetes o instruccions]<\/span><\/p>\n<ul>\n<li style=\"font-weight: 400;\" aria-level=\"1\"><span style=\"font-weight: 400;\">Podrien existir missatges d\u2019estat que no compleixin amb els requisits m\u00ednims.<\/span><\/li>\n<\/ul>\n<p><span style=\"font-weight: 400;\">[9.4.1.3 Missatges d\u2019estat]<\/span><\/p>\n<ul>\n<li style=\"font-weight: 400;\" aria-level=\"1\"><span style=\"font-weight: 400;\">Podrien existir suggeriments davant errors que no compleixin els requisits m\u00ednims.<\/span><\/li>\n<\/ul>\n<p><span style=\"font-weight: 400;\">[9.3.3.3 Suggeriments davant errors (condicional)]<\/span><\/p>\n<ul>\n<li style=\"font-weight: 400;\" aria-level=\"1\"><span style=\"font-weight: 400;\">Podrien existir errors en la navegaci\u00f3 seq\u00fcencial que afectin la comprensi\u00f3 o operaci\u00f3 del lloc web.<\/span><\/li>\n<\/ul>\n<p><span style=\"font-weight: 400;\">[9.2.4.3 Ordre del focus]<\/span><\/p>\n<ul>\n<li style=\"font-weight: 400;\" aria-level=\"1\"><span style=\"font-weight: 400;\">Podrien existir errors puntuals d\u2019edici\u00f3 en alguna p\u00e0gina del web.<\/span><\/li>\n<\/ul>\n<p>&nbsp;<\/p>\n<p><b>C\u00e0rrega desproporcionada<\/b><\/p>\n<p><span style=\"font-weight: 400;\">No aplica.<\/span><\/p>\n<p>&nbsp;<\/p>\n<p><b>PREPARACI\u00d3 D\u2019AQUESTA DECLARACI\u00d3 D\u2019ACCESSIBILITAT<\/b><\/p>\n<p><span style=\"font-weight: 400;\">La present declaraci\u00f3 ha estat preparada el 30 d\u2019abril de 2025.<\/span><\/p>\n<p>&nbsp;<\/p>\n<p><span style=\"font-weight: 400;\">El m\u00e8tode emprat per preparar la declaraci\u00f3 ha estat una autoavaluaci\u00f3 realitzada per l\u2019equip de Dinamix Oci Esportiu SL.<\/span><\/p>\n<p>&nbsp;<\/p>\n<p><b>OBSERVACIONS I DADES DE CONTACTE<\/b><\/p>\n<p><span style=\"font-weight: 400;\">Podeu fer comunicacions sobre requisits d\u2019accessibilitat (article 10.2.a del RD 1112\/2018), com per exemple:<\/span><\/p>\n<ul>\n<li style=\"font-weight: 400;\" aria-level=\"1\"><span style=\"font-weight: 400;\">Informar sobre qualsevol incompliment per part d\u2019aquest lloc web<\/span><\/li>\n<li style=\"font-weight: 400;\" aria-level=\"1\"><span style=\"font-weight: 400;\">Transmetre dificultats d\u2019acc\u00e9s al contingut<\/span><\/li>\n<li style=\"font-weight: 400;\" aria-level=\"1\"><span style=\"font-weight: 400;\">Formular qualsevol consulta o suggeriment de millora<\/span><\/li>\n<\/ul>\n<p>&nbsp;<\/p>\n<p><span style=\"font-weight: 400;\">Mitjan\u00e7ant el correu electr\u00f2nic: info@dinamix.cat<\/span><\/p>\n<p>&nbsp;<\/p>\n<p><span style=\"font-weight: 400;\">Podeu presentar:<\/span><\/p>\n<ul>\n<li style=\"font-weight: 400;\" aria-level=\"1\"><span style=\"font-weight: 400;\">Queixa relativa al compliment dels requisits del RD 1112\/2018<\/span><\/li>\n<li style=\"font-weight: 400;\" aria-level=\"1\"><span style=\"font-weight: 400;\">Sol\u00b7licitud d\u2019informaci\u00f3 accessible sobre:<\/span>\n<ul>\n<li style=\"font-weight: 400;\" aria-level=\"2\"><span style=\"font-weight: 400;\">Continguts exclosos de l\u2019\u00e0mbit d\u2019aplicaci\u00f3 del RD 1112\/2018 segons l\u2019article 3.4<\/span><\/li>\n<li style=\"font-weight: 400;\" aria-level=\"2\"><span style=\"font-weight: 400;\">Continguts exempts per imposar una c\u00e0rrega desproporcionada<\/span><\/li>\n<\/ul>\n<\/li>\n<\/ul>\n<p>&nbsp;<\/p>\n<p><span style=\"font-weight: 400;\">A la sol\u00b7licitud d\u2019informaci\u00f3 accessible cal concretar de forma clara els fets, les raons i la petici\u00f3 que permetin constatar que es tracta d\u2019una petici\u00f3 raonable i leg\u00edtima.<\/span><\/p>\n<p>&nbsp;<\/p>\n<p><span style=\"font-weight: 400;\">Les queixes i reclamacions es faran a trav\u00e9s del mateix correu indicat.<\/span><\/p>\n<p>&nbsp;<\/p>\n<p><b>PROCEDIMENT D\u2019APLICACI\u00d3<\/b><\/p>\n<p><span style=\"font-weight: 400;\">Si un cop presentada una sol\u00b7licitud d\u2019informaci\u00f3 accessible o queixa, aquesta ha estat desestimada, no s\u2019est\u00e0 d\u2019acord amb la resoluci\u00f3 adoptada, o no s\u2019ha rebut resposta en el termini de 20 dies h\u00e0bils, es podr\u00e0 iniciar una reclamaci\u00f3 formal davant l\u2019autoritat de supervisi\u00f3 corresponent.<\/span><\/p>\n\n\t\t<\/div>\n\t<\/div>\n<\/div><\/div><\/div><\/div><div class=\"vc_row-full-width vc_clearfix\"><\/div>\n<\/div>","protected":false},"excerpt":{"rendered":"Declaraci\u00f3 d'accesibilitat La present declaraci\u00f3 d\u2019accessibilitat s\u2019aplica al lloc web https:\/\/www.dinamix.cat &nbsp; SITUACI\u00d3 DE COMPLIMENT Aquest lloc web \u00e9s parcialment conforme amb el Reial decret 1112\/2018, a causa de les excepcions i de la manca de conformitat dels aspectes que s\u2019indiquen a continuaci\u00f3. &nbsp; CONTINGUT NO ACCESSIBLE El contingut que es recull a continuaci\u00f3 no [...]","protected":false},"author":1,"featured_media":0,"parent":0,"menu_order":0,"comment_status":"closed","ping_status":"closed","template":"page-no-separators","meta":{"footnotes":""},"class_list":["post-316","page","type-page","status-publish","hentry"],"yoast_head":"<!-- This site is optimized with the Yoast SEO plugin v26.4 - https:\/\/yoast.com\/wordpress\/plugins\/seo\/ -->\n<title>Declaraci\u00f3 d&#039;accesibilitat - Dinamix - Campus, esdeveniments i serveis<\/title>\n<meta name=\"robots\" content=\"index, follow, max-snippet:-1, max-image-preview:large, max-video-preview:-1\" \/>\n<link rel=\"canonical\" href=\"https:\/\/dinamix.cat\/es\/declaracio-daccesibilitat\/\" \/>\n<meta property=\"og:locale\" content=\"es_ES\" \/>\n<meta property=\"og:type\" content=\"article\" \/>\n<meta property=\"og:title\" content=\"Declaraci\u00f3 d&#039;accesibilitat - Dinamix - Campus, esdeveniments i serveis\" \/>\n<meta property=\"og:url\" content=\"https:\/\/dinamix.cat\/es\/declaracio-daccesibilitat\/\" \/>\n<meta property=\"og:site_name\" content=\"Dinamix - Campus, esdeveniments i serveis\" \/>\n<meta property=\"article:modified_time\" content=\"2025-05-13T16:26:58+00:00\" \/>\n<meta name=\"twitter:card\" content=\"summary_large_image\" \/>\n<meta name=\"twitter:label1\" content=\"Tiempo de lectura\" \/>\n\t<meta name=\"twitter:data1\" content=\"2 minutos\" \/>\n<script type=\"application\/ld+json\" class=\"yoast-schema-graph\">{\"@context\":\"https:\/\/schema.org\",\"@graph\":[{\"@type\":\"WebPage\",\"@id\":\"https:\/\/dinamix.cat\/declaracio-daccesibilitat\/\",\"url\":\"https:\/\/dinamix.cat\/declaracio-daccesibilitat\/\",\"name\":\"Declaraci\u00f3 d'accesibilitat - Dinamix - Campus, esdeveniments i serveis\",\"isPartOf\":{\"@id\":\"https:\/\/dinamix.cat\/#website\"},\"datePublished\":\"2025-04-27T21:16:41+00:00\",\"dateModified\":\"2025-05-13T16:26:58+00:00\",\"breadcrumb\":{\"@id\":\"https:\/\/dinamix.cat\/declaracio-daccesibilitat\/#breadcrumb\"},\"inLanguage\":\"es\",\"potentialAction\":[{\"@type\":\"ReadAction\",\"target\":[\"https:\/\/dinamix.cat\/declaracio-daccesibilitat\/\"]}]},{\"@type\":\"BreadcrumbList\",\"@id\":\"https:\/\/dinamix.cat\/declaracio-daccesibilitat\/#breadcrumb\",\"itemListElement\":[{\"@type\":\"ListItem\",\"position\":1,\"name\":\"Portada\",\"item\":\"https:\/\/dinamix.cat\/\"},{\"@type\":\"ListItem\",\"position\":2,\"name\":\"Declaraci\u00f3 d&#8217;accesibilitat\"}]},{\"@type\":\"WebSite\",\"@id\":\"https:\/\/dinamix.cat\/#website\",\"url\":\"https:\/\/dinamix.cat\/\",\"name\":\"Dinamix - Campus, esdeveniments i serveis\",\"description\":\"P\u00e1gina web de Dinamix Oci Esportiu SL\",\"publisher\":{\"@id\":\"https:\/\/dinamix.cat\/#organization\"},\"potentialAction\":[{\"@type\":\"SearchAction\",\"target\":{\"@type\":\"EntryPoint\",\"urlTemplate\":\"https:\/\/dinamix.cat\/?s={search_term_string}\"},\"query-input\":{\"@type\":\"PropertyValueSpecification\",\"valueRequired\":true,\"valueName\":\"search_term_string\"}}],\"inLanguage\":\"es\"},{\"@type\":\"Organization\",\"@id\":\"https:\/\/dinamix.cat\/#organization\",\"name\":\"Dinamix - Campus, esdeveniments i serveis\",\"url\":\"https:\/\/dinamix.cat\/\",\"logo\":{\"@type\":\"ImageObject\",\"inLanguage\":\"es\",\"@id\":\"https:\/\/dinamix.cat\/#\/schema\/logo\/image\/\",\"url\":\"https:\/\/dinamix.cat\/wp-content\/uploads\/2025\/04\/Dinamix_Isotipo_Blanco.png\",\"contentUrl\":\"https:\/\/dinamix.cat\/wp-content\/uploads\/2025\/04\/Dinamix_Isotipo_Blanco.png\",\"width\":2836,\"height\":2836,\"caption\":\"Dinamix - Campus, esdeveniments i serveis\"},\"image\":{\"@id\":\"https:\/\/dinamix.cat\/#\/schema\/logo\/image\/\"}}]}<\/script>\n<!-- \/ Yoast SEO plugin. -->","yoast_head_json":{"title":"Declaraci\u00f3 d'accesibilitat - Dinamix - Campus, esdeveniments i serveis","robots":{"index":"index","follow":"follow","max-snippet":"max-snippet:-1","max-image-preview":"max-image-preview:large","max-video-preview":"max-video-preview:-1"},"canonical":"https:\/\/dinamix.cat\/es\/declaracio-daccesibilitat\/","og_locale":"es_ES","og_type":"article","og_title":"Declaraci\u00f3 d'accesibilitat - Dinamix - Campus, esdeveniments i serveis","og_url":"https:\/\/dinamix.cat\/es\/declaracio-daccesibilitat\/","og_site_name":"Dinamix - Campus, esdeveniments i serveis","article_modified_time":"2025-05-13T16:26:58+00:00","twitter_card":"summary_large_image","twitter_misc":{"Tiempo de lectura":"2 minutos"},"schema":{"@context":"https:\/\/schema.org","@graph":[{"@type":"WebPage","@id":"https:\/\/dinamix.cat\/declaracio-daccesibilitat\/","url":"https:\/\/dinamix.cat\/declaracio-daccesibilitat\/","name":"Declaraci\u00f3 d'accesibilitat - Dinamix - Campus, esdeveniments i serveis","isPartOf":{"@id":"https:\/\/dinamix.cat\/#website"},"datePublished":"2025-04-27T21:16:41+00:00","dateModified":"2025-05-13T16:26:58+00:00","breadcrumb":{"@id":"https:\/\/dinamix.cat\/declaracio-daccesibilitat\/#breadcrumb"},"inLanguage":"es","potentialAction":[{"@type":"ReadAction","target":["https:\/\/dinamix.cat\/declaracio-daccesibilitat\/"]}]},{"@type":"BreadcrumbList","@id":"https:\/\/dinamix.cat\/declaracio-daccesibilitat\/#breadcrumb","itemListElement":[{"@type":"ListItem","position":1,"name":"Portada","item":"https:\/\/dinamix.cat\/"},{"@type":"ListItem","position":2,"name":"Declaraci\u00f3 d&#8217;accesibilitat"}]},{"@type":"WebSite","@id":"https:\/\/dinamix.cat\/#website","url":"https:\/\/dinamix.cat\/","name":"Dinamix - Campus, esdeveniments i serveis","description":"P\u00e1gina web de Dinamix Oci Esportiu SL","publisher":{"@id":"https:\/\/dinamix.cat\/#organization"},"potentialAction":[{"@type":"SearchAction","target":{"@type":"EntryPoint","urlTemplate":"https:\/\/dinamix.cat\/?s={search_term_string}"},"query-input":{"@type":"PropertyValueSpecification","valueRequired":true,"valueName":"search_term_string"}}],"inLanguage":"es"},{"@type":"Organization","@id":"https:\/\/dinamix.cat\/#organization","name":"Dinamix - Campus, esdeveniments i serveis","url":"https:\/\/dinamix.cat\/","logo":{"@type":"ImageObject","inLanguage":"es","@id":"https:\/\/dinamix.cat\/#\/schema\/logo\/image\/","url":"https:\/\/dinamix.cat\/wp-content\/uploads\/2025\/04\/Dinamix_Isotipo_Blanco.png","contentUrl":"https:\/\/dinamix.cat\/wp-content\/uploads\/2025\/04\/Dinamix_Isotipo_Blanco.png","width":2836,"height":2836,"caption":"Dinamix - Campus, esdeveniments i serveis"},"image":{"@id":"https:\/\/dinamix.cat\/#\/schema\/logo\/image\/"}}]}},"_links":{"self":[{"href":"https:\/\/dinamix.cat\/es\/wp-json\/wp\/v2\/pages\/316","targetHints":{"allow":["GET"]}}],"collection":[{"href":"https:\/\/dinamix.cat\/es\/wp-json\/wp\/v2\/pages"}],"about":[{"href":"https:\/\/dinamix.cat\/es\/wp-json\/wp\/v2\/types\/page"}],"author":[{"embeddable":true,"href":"https:\/\/dinamix.cat\/es\/wp-json\/wp\/v2\/users\/1"}],"replies":[{"embeddable":true,"href":"https:\/\/dinamix.cat\/es\/wp-json\/wp\/v2\/comments?post=316"}],"version-history":[{"count":3,"href":"https:\/\/dinamix.cat\/es\/wp-json\/wp\/v2\/pages\/316\/revisions"}],"predecessor-version":[{"id":894,"href":"https:\/\/dinamix.cat\/es\/wp-json\/wp\/v2\/pages\/316\/revisions\/894"}],"wp:attachment":[{"href":"https:\/\/dinamix.cat\/es\/wp-json\/wp\/v2\/media?parent=316"}],"curies":[{"name":"wp","href":"https:\/\/api.w.org\/{rel}","templated":true}]}}