{"id":1962,"date":"2026-04-10T15:29:10","date_gmt":"2026-04-10T13:29:10","guid":{"rendered":"https:\/\/dinamix.cat\/?page_id=1962"},"modified":"2026-04-12T13:11:29","modified_gmt":"2026-04-12T11:11:29","slug":"summer-camp-lleo-xiii","status":"publish","type":"page","link":"https:\/\/dinamix.cat\/es\/summer-camp-lleo-xiii\/","title":{"rendered":"Summer Camp Escola Lle\u00f3 XIII"},"content":{"rendered":"<div class=\"wpb-content-wrapper\"><div class=\"vc_row wpb_row vc_row-fluid wpb_animate_when_almost_visible wpb_fadeIn fadeIn\"><div class=\"wpb_column vc_column_container vc_col-sm-12 vc_hidden-sm vc_hidden-xs\"><div class=\"vc_column-inner\"><div class=\"wpb_wrapper\">\n\t<div  class=\"wpb_single_image wpb_content_element vc_align_center wpb_content_element wpb_animate_when_almost_visible wpb_flipInX flipInX\">\n\t\t\n\t\t<figure class=\"wpb_wrapper vc_figure\">\n\t\t\t<div class=\"vc_single_image-wrapper   vc_box_border_grey\"><img loading=\"lazy\" decoding=\"async\" width=\"868\" height=\"233\" src=\"https:\/\/dinamix.cat\/wp-content\/uploads\/2025\/05\/Captura-de-pantalla-2025-05-05-171111.png\" class=\"vc_single_image-img attachment-large\" alt=\"\" title=\"Captura de pantalla 2025-05-05 171111\" \/><\/div>\n\t\t<\/figure>\n\t<\/div>\n\n\t<div class=\"wpb_text_column wpb_content_element wpb_animate_when_almost_visible wpb_fadeInUp fadeInUp\" >\n\t\t<div class=\"wpb_wrapper\">\n\t\t\t<h2 style=\"text-align: center; margin-top: 0; font-weight: 400; font-size: 50px;\"><strong>Summer Camp<\/strong><\/h2>\n\n\t\t<\/div>\n\t<\/div>\n<div class=\"vc_row wpb_row vc_inner vc_row-fluid\"><div class=\"wpb_column vc_column_container vc_col-sm-4\"><div class=\"vc_column-inner\"><div class=\"wpb_wrapper\"><\/div><\/div><\/div><div class=\"wpb_column vc_column_container vc_col-sm-4\"><div class=\"vc_column-inner\"><div class=\"wpb_wrapper\">\n\t<div  class=\"wpb_single_image wpb_content_element vc_align_center wpb_content_element wpb_animate_when_almost_visible wpb_fadeInUp fadeInUp\">\n\t\t\n\t\t<figure class=\"wpb_wrapper vc_figure\">\n\t\t\t<div class=\"vc_single_image-wrapper   vc_box_border_grey\"><img loading=\"lazy\" decoding=\"async\" width=\"965\" height=\"1198\" src=\"https:\/\/dinamix.cat\/wp-content\/uploads\/2025\/04\/Logo-Lleo\u0301-XIII.png\" class=\"vc_single_image-img attachment-full\" alt=\"\" title=\"Logo Le\u00f3n XIII\" \/><\/div>\n\t\t<\/figure>\n\t<\/div>\n<\/div><\/div><\/div><div class=\"wpb_column vc_column_container vc_col-sm-4\"><div class=\"vc_column-inner\"><div class=\"wpb_wrapper\"><\/div><\/div><\/div><\/div><\/div><\/div><\/div><div class=\"wpb_column vc_column_container vc_col-sm-12\"><div class=\"vc_column-inner\"><div class=\"wpb_wrapper\"><\/div><\/div><\/div><\/div><div class=\"vc_row wpb_row vc_row-fluid wpb_animate_when_almost_visible wpb_fadeIn fadeIn\"><div class=\"wpb_column vc_column_container vc_col-sm-12 vc_hidden-lg vc_hidden-md\"><div class=\"vc_column-inner\"><div class=\"wpb_wrapper\">\n\t<div  class=\"wpb_single_image wpb_content_element vc_align_center wpb_content_element wpb_animate_when_almost_visible wpb_flipInX flipInX\">\n\t\t\n\t\t<figure class=\"wpb_wrapper vc_figure\">\n\t\t\t<div class=\"vc_single_image-wrapper   vc_box_border_grey\"><img loading=\"lazy\" decoding=\"async\" width=\"300\" height=\"81\" src=\"https:\/\/dinamix.cat\/wp-content\/uploads\/2025\/05\/Captura-de-pantalla-2025-05-05-171111.png\" class=\"vc_single_image-img attachment-medium\" alt=\"\" title=\"Captura de pantalla 2025-05-05 171111\" \/><\/div>\n\t\t<\/figure>\n\t<\/div>\n\n\t<div class=\"wpb_text_column wpb_content_element wpb_animate_when_almost_visible wpb_fadeInUp fadeInUp\" >\n\t\t<div class=\"wpb_wrapper\">\n\t\t\t<p style=\"text-align: center; font-weight: 600; font-size: 22px;\"><strong>Summer Camp<\/strong><\/p>\n\n\t\t<\/div>\n\t<\/div>\n<div class=\"vc_row wpb_row vc_inner vc_row-fluid\"><div class=\"wpb_column vc_column_container vc_col-sm-12\"><div class=\"vc_column-inner\"><div class=\"wpb_wrapper\">\n\t<div  class=\"wpb_single_image wpb_content_element vc_align_center wpb_content_element wpb_animate_when_almost_visible wpb_fadeInUp fadeInUp\">\n\t\t\n\t\t<figure class=\"wpb_wrapper vc_figure\">\n\t\t\t<div class=\"vc_single_image-wrapper   vc_box_border_grey\"><img loading=\"lazy\" decoding=\"async\" width=\"121\" height=\"150\" src=\"https:\/\/dinamix.cat\/wp-content\/uploads\/2025\/04\/Logo-Lleo\u0301-XIII.png\" class=\"vc_single_image-img attachment-thumbnail\" alt=\"\" title=\"Logo Le\u00f3n XIII\" \/><\/div>\n\t\t<\/figure>\n\t<\/div>\n<\/div><\/div><\/div><\/div><\/div><\/div><\/div><\/div><div data-vc-full-width=\"true\" data-vc-full-width-temp=\"true\" data-vc-full-width-init=\"false\" data-vc-stretch-content=\"true\" class=\"vc_row wpb_row vc_row-fluid wpb_animate_when_almost_visible wpb_fadeIn fadeIn vc_custom_1747413647926 vc_row-has-fill vc_row-o-content-middle vc_row-flex\"><div class=\"wpb_column vc_column_container vc_col-sm-2 vc_hidden-sm vc_hidden-xs\"><div class=\"vc_column-inner vc_custom_1747152939199\"><div class=\"wpb_wrapper\">\n\t<div class=\"wpb_text_column wpb_content_element wpb_animate_when_almost_visible wpb_bounceInLeft bounceInLeft vc_custom_1772918875766\" >\n\t\t<div class=\"wpb_wrapper\">\n\t\t\t<p style=\"text-align: center; font-size: 20px;\"><a style=\"background: transparent; color: black; text-decoration: none;\" href=\"#activitats\"><strong>Actividades<\/strong><br \/>\n<\/a><\/p>\n\n\t\t<\/div>\n\t<\/div>\n<\/div><\/div><\/div><div class=\"wpb_column vc_column_container vc_col-sm-2 vc_hidden-sm vc_hidden-xs\"><div class=\"vc_column-inner vc_custom_1747152942823\"><div class=\"wpb_wrapper\">\n\t<div class=\"wpb_text_column wpb_content_element wpb_animate_when_almost_visible wpb_fadeInLeft fadeInLeft vc_custom_1769188699007\" >\n\t\t<div class=\"wpb_wrapper\">\n\t\t\t<p style=\"text-align: center; font-size: 20px;\"><a style=\"background: transparent; color: black; text-decoration: none;\" href=\"#informacio\"><strong>Informaci\u00f3n<\/strong><br \/>\n<\/a><\/p>\n\n\t\t<\/div>\n\t<\/div>\n<\/div><\/div><\/div><div class=\"wpb_column vc_column_container vc_col-sm-2 vc_hidden-sm vc_hidden-xs\"><div class=\"vc_column-inner vc_custom_1747152953740\"><div class=\"wpb_wrapper\">\n\t<div class=\"wpb_text_column wpb_content_element wpb_animate_when_almost_visible wpb_fadeInLeftBig fadeInLeftBig vc_custom_1769188691640\" >\n\t\t<div class=\"wpb_wrapper\">\n\t\t\t<p style=\"text-align: center; font-size: 20px;\"><a style=\"background: transparent; color: black; text-decoration: none;\" href=\"#inscripcio\"><strong>Inscripci\u00f3n<\/strong><br \/>\n<\/a><\/p>\n\n\t\t<\/div>\n\t<\/div>\n<\/div><\/div><\/div><div class=\"wpb_column vc_column_container vc_col-sm-2 vc_hidden-sm vc_hidden-xs\"><div class=\"vc_column-inner vc_custom_1747152934017\"><div class=\"wpb_wrapper\">\n\t<div class=\"wpb_text_column wpb_content_element wpb_animate_when_almost_visible wpb_fadeInRightBig fadeInRightBig vc_custom_1769188742301\" >\n\t\t<div class=\"wpb_wrapper\">\n\t\t\t<p style=\"text-align: center; font-size: 20px;\"><a style=\"background: transparent; color: black; text-decoration: none;\" href=\"#reunions\"><strong>Reuni\u00f3n<\/strong><br \/>\n<\/a><\/p>\n\n\t\t<\/div>\n\t<\/div>\n<\/div><\/div><\/div><div class=\"wpb_column vc_column_container vc_col-sm-2 vc_hidden-sm vc_hidden-xs\"><div class=\"vc_column-inner vc_custom_1747152962351\"><div class=\"wpb_wrapper\">\n\t<div class=\"wpb_text_column wpb_content_element wpb_animate_when_almost_visible wpb_fadeInRight fadeInRight vc_custom_1769188730276\" >\n\t\t<div class=\"wpb_wrapper\">\n\t\t\t<p style=\"text-align: center; font-size: 20px;\"><a style=\"background: transparent; color: black; text-decoration: none;\" href=\"#dia\"><strong>D\u00eda a d\u00eda<\/strong><br \/>\n<\/a><\/p>\n\n\t\t<\/div>\n\t<\/div>\n<\/div><\/div><\/div><div class=\"wpb_column vc_column_container vc_col-sm-2 vc_hidden-sm vc_hidden-xs\"><div class=\"vc_column-inner vc_custom_1747152958568\"><div class=\"wpb_wrapper\">\n\t<div class=\"wpb_text_column wpb_content_element wpb_animate_when_almost_visible wpb_bounceInRight bounceInRight vc_custom_1769188723580\" >\n\t\t<div class=\"wpb_wrapper\">\n\t\t\t<p style=\"text-align: center; font-size: 20px;\"><a style=\"background: transparent; color: black; text-decoration: none;\" href=\"#faqs\"><strong>FAQs<\/strong><br \/>\n<\/a><\/p>\n\n\t\t<\/div>\n\t<\/div>\n<\/div><\/div><\/div><\/div><div class=\"vc_row-full-width vc_clearfix\"><\/div><div data-vc-full-width=\"true\" data-vc-full-width-temp=\"true\" data-vc-full-width-init=\"false\" data-vc-stretch-content=\"true\" class=\"vc_row wpb_row vc_row-fluid wpb_animate_when_almost_visible wpb_fadeIn fadeIn vc_custom_1746632938009 vc_row-has-fill\"><div class=\"wpb_column vc_column_container vc_col-sm-12 vc_hidden-lg vc_hidden-md\"><div class=\"vc_column-inner vc_custom_1747152976923\"><div class=\"wpb_wrapper\">\n\t<div class=\"wpb_text_column wpb_content_element wpb_animate_when_almost_visible wpb_fadeInLeft fadeInLeft vc_custom_1772918881624\" >\n\t\t<div class=\"wpb_wrapper\">\n\t\t\t<p style=\"text-align: center; font-size: 18px;\"><a style=\"background: transparent; color: black; text-decoration: none;\" href=\"#activitats2\"><strong>Actividades<\/strong><br \/>\n<\/a><\/p>\n\n\t\t<\/div>\n\t<\/div>\n\n\t<div class=\"wpb_text_column wpb_content_element wpb_animate_when_almost_visible wpb_fadeInRight fadeInRight vc_custom_1769248757240\" >\n\t\t<div class=\"wpb_wrapper\">\n\t\t\t<p style=\"text-align: center; font-size: 18px;\"><a style=\"background: transparent; color: black; text-decoration: none;\" href=\"#informacio2\"><strong>Informaci\u00f3n<\/strong><br \/>\n<\/a><\/p>\n\n\t\t<\/div>\n\t<\/div>\n\n\t<div class=\"wpb_text_column wpb_content_element wpb_animate_when_almost_visible wpb_fadeInLeft fadeInLeft vc_custom_1769248742167\" >\n\t\t<div class=\"wpb_wrapper\">\n\t\t\t<p style=\"text-align: center; font-size: 18px;\"><a style=\"background: transparent; color: black; text-decoration: none;\" href=\"#inscripcio2\"><strong>Inscripci\u00f3n<\/strong><br \/>\n<\/a><\/p>\n\n\t\t<\/div>\n\t<\/div>\n\n\t<div class=\"wpb_text_column wpb_content_element wpb_animate_when_almost_visible wpb_fadeInRight fadeInRight vc_custom_1769248763637\" >\n\t\t<div class=\"wpb_wrapper\">\n\t\t\t<p style=\"text-align: center; font-size: 18px;\"><a style=\"background: transparent; color: black; text-decoration: none;\" href=\"#reunio2\"><strong>Reuni\u00f3n informativa<\/strong><br \/>\n<\/a><\/p>\n\n\t\t<\/div>\n\t<\/div>\n\n\t<div class=\"wpb_text_column wpb_content_element wpb_animate_when_almost_visible wpb_fadeInLeft fadeInLeft vc_custom_1769248750074\" >\n\t\t<div class=\"wpb_wrapper\">\n\t\t\t<p style=\"text-align: center; font-size: 18px;\"><a style=\"background: transparent; color: black; text-decoration: none;\" href=\"#dia2\"><strong>D\u00eda a d\u00eda<\/strong><br \/>\n<\/a><\/p>\n\n\t\t<\/div>\n\t<\/div>\n\n\t<div class=\"wpb_text_column wpb_content_element wpb_animate_when_almost_visible wpb_fadeInRight fadeInRight vc_custom_1769248772134\" >\n\t\t<div class=\"wpb_wrapper\">\n\t\t\t<p style=\"text-align: center; font-size: 18px;\"><a style=\"background: transparent; color: black; text-decoration: none;\" href=\"#faqs2\"><strong>FAQs<\/strong><br \/>\n<\/a><\/p>\n\n\t\t<\/div>\n\t<\/div>\n<\/div><\/div><\/div><\/div><div class=\"vc_row-full-width vc_clearfix\"><\/div><div data-vc-full-width=\"true\" data-vc-full-width-temp=\"true\" data-vc-full-width-init=\"false\" data-vc-stretch-content=\"true\" class=\"vc_row wpb_row vc_row-fluid wpb_animate_when_almost_visible wpb_fadeInLeft fadeInLeft vc_custom_1775931111817 vc_row-has-fill vc_row-no-padding\"><div class=\"wpb_column vc_column_container vc_col-sm-6\"><div class=\"vc_column-inner vc_custom_1746463181039\"><div class=\"wpb_wrapper\"><\/div><\/div><\/div><div class=\"wpb_animate_when_almost_visible wpb_fadeInRight fadeInRight wpb_column vc_column_container vc_col-sm-6 vc_hidden-sm vc_hidden-xs\"><div class=\"vc_column-inner vc_custom_1769186806693\"><div class=\"wpb_wrapper\">\n\t<div class=\"wpb_text_column wpb_content_element wpb_animate_when_almost_visible wpb_fadeInRight fadeInRight vc_custom_1775826003903\" >\n\t\t<div class=\"wpb_wrapper\">\n\t\t\t<p style=\"text-align: center; font-size: 28px;\"><strong>\ud83d\udccd Ubicaci\u00f3n<\/strong><\/p>\n<p style=\"font-size: 24px; text-align: center;\">Escola Lle\u00f3 XIII, Barcelona<\/p>\n<p style=\"text-align: center; font-size: 28px;\"><strong>\ud83d\udcc5 Fechas<\/strong><\/p>\n<p style=\"font-size: 24px; text-align: center;\">Del 29 de junio al 31 de julio<\/p>\n<p style=\"text-align: center; font-size: 28px;\"><strong>\ud83d\udd58 Horario<\/strong><\/p>\n<p style=\"font-size: 24px; text-align: center;\">De 9:00 a 17:00<\/p>\n<p style=\"text-align: center; font-size: 28px;\"><strong>\ud83d\udc67 Edades<\/strong><\/p>\n<p style=\"font-size: 24px; text-align: center;\">De 3 a 12 a\u00f1os<\/p>\n\n\t\t<\/div>\n\t<\/div>\n<\/div><\/div><\/div><\/div><div class=\"vc_row-full-width vc_clearfix\"><\/div><div data-vc-full-width=\"true\" data-vc-full-width-temp=\"true\" data-vc-full-width-init=\"false\" data-vc-stretch-content=\"true\" class=\"vc_row wpb_row vc_row-fluid wpb_animate_when_almost_visible wpb_fadeIn fadeIn vc_custom_1747149636955 vc_row-has-fill\"><div class=\"wpb_column vc_column_container vc_col-sm-12 vc_hidden-lg vc_hidden-md\"><div class=\"vc_column-inner vc_custom_1747505009979\"><div class=\"wpb_wrapper\">\n\t<div class=\"wpb_text_column wpb_content_element wpb_animate_when_almost_visible wpb_fadeInUp fadeInUp vc_custom_1775826024263\" >\n\t\t<div class=\"wpb_wrapper\">\n\t\t\t<p style=\"text-align: center; text-size: 22px;\"><strong>\ud83d\udccd Ubicaci\u00f3n<\/strong><\/p>\n<p style=\"text-align: center; text-size: 18px;\">Escola Lle\u00f3 XIII, Barcelona<\/p>\n\n\t\t<\/div>\n\t<\/div>\n\n\t<div class=\"wpb_text_column wpb_content_element wpb_animate_when_almost_visible wpb_fadeInUp fadeInUp\" >\n\t\t<div class=\"wpb_wrapper\">\n\t\t\t<p style=\"text-align: center; text-size: 22px;\"><strong>\ud83d\uddd3\ufe0f Fechas<\/strong><\/p>\n<p style=\"text-align: center; text-size: 18px;\">Del 29 de junio al 31 de julio<\/p>\n\n\t\t<\/div>\n\t<\/div>\n\n\t<div class=\"wpb_text_column wpb_content_element wpb_animate_when_almost_visible wpb_fadeInUp fadeInUp\" >\n\t\t<div class=\"wpb_wrapper\">\n\t\t\t<p style=\"text-align: center; text-size: 22px;\"><strong>\ud83d\udd58 Horario<\/strong><\/p>\n<p style=\"text-align: center; text-size: 18px;\">De 9:00 a 17:00<\/p>\n\n\t\t<\/div>\n\t<\/div>\n\n\t<div class=\"wpb_text_column wpb_content_element wpb_animate_when_almost_visible wpb_fadeInUp fadeInUp\" >\n\t\t<div class=\"wpb_wrapper\">\n\t\t\t<p style=\"text-align: center; text-size: 22px;\"><strong>\ud83d\udc67 Edades<\/strong><\/p>\n<p style=\"text-align: center; text-size: 18px;\">De 3 a 12 a\u00f1os<\/p>\n\n\t\t<\/div>\n\t<\/div>\n<\/div><\/div><\/div><\/div><div class=\"vc_row-full-width vc_clearfix\"><\/div><div data-vc-full-width=\"true\" data-vc-full-width-temp=\"true\" data-vc-full-width-init=\"false\" data-vc-stretch-content=\"true\" class=\"vc_row wpb_row vc_row-fluid wpb_animate_when_almost_visible wpb_fadeIn fadeIn vc_custom_1746632950093 vc_row-has-fill\"><div class=\"wpb_column vc_column_container vc_col-sm-12 vc_hidden-sm vc_hidden-xs\"><div class=\"vc_column-inner\"><div class=\"wpb_wrapper\"><div class=\"vc_empty_space\" id=\"descripcio\"  style=\"height: 32px\"><span class=\"vc_empty_space_inner\"><\/span><\/div>\n\t<div class=\"wpb_text_column wpb_content_element wpb_animate_when_almost_visible wpb_fadeInUp fadeInUp\" >\n\t\t<div class=\"wpb_wrapper\">\n\t\t\t<h2 style=\"text-align: center; margin-top: 0; font-weight: 400; font-size: 50px;\"><span style=\"color: #000000;\"><strong>Vive un verano inolvidable formando parte de una tribu, con una experiencia llena de juegos, retos y convivencia en ingl\u00e9s.<\/strong><\/span><\/h2>\n\n\t\t<\/div>\n\t<\/div>\n\n\t<div class=\"wpb_text_column wpb_content_element wpb_animate_when_almost_visible wpb_fadeInUp fadeInUp\" >\n\t\t<div class=\"wpb_wrapper\">\n\t\t\t<p style=\"text-align: center; font-size: 28px;\"><strong><span style=\"color: #000000;\">Un campus pensado para que ni\u00f1os y ni\u00f1as disfruten, se relacionen y crezcan a trav\u00e9s de actividades l\u00fadicas, deportivas, cooperativas, acu\u00e1ticas y creativas, con un hilo conductor inspirado en los Dinamix Scouts.<\/span><\/strong><\/p>\n\n\t\t<\/div>\n\t<\/div>\n<div class=\"vc_empty_space\"   style=\"height: 32px\"><span class=\"vc_empty_space_inner\"><\/span><\/div><div class=\"vc_row wpb_row vc_inner vc_row-fluid vc_custom_1746538877885 vc_row-has-fill vc_row-o-content-middle vc_row-flex\"><div class=\"wpb_column vc_column_container vc_col-sm-12 vc_col-has-fill\"><div class=\"vc_column-inner vc_custom_1746538668549\"><div class=\"wpb_wrapper\">\n\t<div class=\"wpb_text_column wpb_content_element wpb_animate_when_almost_visible wpb_fadeInLeft fadeInLeft vc_custom_1775827367667\" >\n\t\t<div class=\"wpb_wrapper\">\n\t\t\t<p style=\"text-align: center; font-size: 28px;\"><strong>\u00bfQuieres que tu hijo o hija viva un verano distinto?<\/strong><\/p>\n\n\t\t<\/div>\n\t<\/div>\n\n\t<div class=\"wpb_text_column wpb_content_element wpb_animate_when_almost_visible wpb_fadeInRight fadeInRight vc_custom_1775827384048\" >\n\t\t<div class=\"wpb_wrapper\">\n\t\t\t<p style=\"font-size: 24px; text-align: center;\">\u00a1Reserva ahora plaza en el Summer Camp de la Escola Lle\u00f3 XIII!<\/p>\n\n\t\t<\/div>\n\t<\/div>\n<div class=\"vc_btn3-container  bold-button  wpb_animate_when_almost_visible wpb_rollIn rollIn vc_btn3-center vc_custom_1775928533000 vc_do_btn\" ><a style=\"background-color:#FFFFFF; color:#000000;\" class=\"vc_general vc_btn3 vc_btn3-size-md vc_btn3-shape-round vc_btn3-style-custom\" href=\"https:\/\/forms.gle\/TUccPx9dfUT9nCEH6\" title=\"\" target=\"_blank\">Inscr\u00edbete<\/a><\/div><\/div><\/div><\/div><\/div><div class=\"vc_empty_space\"   style=\"height: 32px\"><span class=\"vc_empty_space_inner\"><\/span><\/div><\/div><\/div><\/div><\/div><div class=\"vc_row-full-width vc_clearfix\"><\/div><div data-vc-full-width=\"true\" data-vc-full-width-temp=\"true\" data-vc-full-width-init=\"false\" data-vc-stretch-content=\"true\" class=\"vc_row wpb_row vc_row-fluid wpb_animate_when_almost_visible wpb_fadeIn fadeIn vc_custom_1746632950093 vc_row-has-fill\"><div class=\"wpb_column vc_column_container vc_col-sm-12 vc_hidden-lg vc_hidden-md\"><div class=\"vc_column-inner\"><div class=\"wpb_wrapper\">\n\t<div class=\"wpb_text_column wpb_content_element wpb_animate_when_almost_visible wpb_fadeInUp fadeInUp\" >\n\t\t<div class=\"wpb_wrapper\">\n\t\t\t<p style=\"text-align: center; font-weight: 600; font-size: 22px;\"><strong><span style=\"color: #000000;\">Vive un verano inolvidable formando parte de una tribu, con una experiencia llena de juegos, retos y convivencia en ingl\u00e9s.<\/span><\/strong><\/p>\n\n\t\t<\/div>\n\t<\/div>\n\n\t<div class=\"wpb_text_column wpb_content_element wpb_animate_when_almost_visible wpb_fadeInUp fadeInUp\" >\n\t\t<div class=\"wpb_wrapper\">\n\t\t\t<p style=\"text-align: center; text-size: 22px;\"><span style=\"color: #000000;\">Un campus pensado para que ni\u00f1os y ni\u00f1as disfruten, se relacionen y crezcan a trav\u00e9s de actividades l\u00fadicas, deportivas, cooperativas, acu\u00e1ticas y creativas, con un hilo conductor inspirado en los Dinamix Scouts.<\/span><\/p>\n\n\t\t<\/div>\n\t<\/div>\n<div class=\"vc_row wpb_row vc_inner vc_row-fluid vc_custom_1747505117395 vc_row-has-fill vc_row-o-content-middle vc_row-flex\"><div class=\"wpb_column vc_column_container vc_col-sm-12 vc_col-has-fill\"><div class=\"vc_column-inner vc_custom_1747505139163\"><div class=\"wpb_wrapper\">\n\t<div class=\"wpb_text_column wpb_content_element wpb_animate_when_almost_visible wpb_fadeInUp fadeInUp vc_custom_1775928600569\" >\n\t\t<div class=\"wpb_wrapper\">\n\t\t\t<p style=\"text-align: center; text-size: 22px;\"><strong>\u00bfQuieres que tu hijo o hija viva un verano distinto?<\/strong><\/p>\n\n\t\t<\/div>\n\t<\/div>\n\n\t<div class=\"wpb_text_column wpb_content_element wpb_animate_when_almost_visible wpb_fadeInUp fadeInUp vc_custom_1775928614649\" >\n\t\t<div class=\"wpb_wrapper\">\n\t\t\t<p style=\"text-align: center; text-size: 18px;\">\u00a1Reserva ahora plaza en el Summer Camp de la Escola Lle\u00f3 XIII!<\/p>\n\n\t\t<\/div>\n\t<\/div>\n<div class=\"vc_btn3-container  bold-button  wpb_animate_when_almost_visible wpb_rollIn rollIn vc_btn3-center vc_custom_1775928542560 vc_do_btn\" ><a style=\"background-color:#FFFFFF; color:#000000;\" class=\"vc_general vc_btn3 vc_btn3-size-md vc_btn3-shape-round vc_btn3-style-custom\" href=\"https:\/\/forms.gle\/TUccPx9dfUT9nCEH6\" title=\"\" target=\"_blank\">Inscr\u00edbete<\/a><\/div><\/div><\/div><\/div><\/div><div class=\"vc_empty_space\"   style=\"height: 32px\"><span class=\"vc_empty_space_inner\"><\/span><\/div><\/div><\/div><\/div><\/div><div class=\"vc_row-full-width vc_clearfix\"><\/div><div id=\"activitats\" data-vc-full-width=\"true\" data-vc-full-width-temp=\"true\" data-vc-full-width-init=\"false\" data-vc-stretch-content=\"true\" class=\"vc_row wpb_row vc_row-fluid wpb_animate_when_almost_visible wpb_fadeInRight fadeInRight vc_custom_1775931128491 vc_row-has-fill vc_row-no-padding\"><div class=\"wpb_column vc_column_container vc_col-sm-6 vc_hidden-sm vc_hidden-xs\"><div class=\"vc_column-inner vc_custom_1747077713346\"><div class=\"wpb_wrapper\">\n\t<div class=\"wpb_text_column wpb_content_element wpb_animate_when_almost_visible wpb_fadeInLeft fadeInLeft\" id=\"activitats\">\n\t\t<div class=\"wpb_wrapper\">\n\t\t\t<h2 style=\"text-align: center; margin-top: 0; font-weight: 400; font-size: 50px;\"><strong>Actividades<\/strong><\/h2>\n\n\t\t<\/div>\n\t<\/div>\n\n\t<div class=\"wpb_text_column wpb_content_element wpb_animate_when_almost_visible wpb_fadeInLeft fadeInLeft\" >\n\t\t<div class=\"wpb_wrapper\">\n\t\t\t<ul>\n<li style=\"font-size: 24px;\">Juegos y retos<\/li>\n<li style=\"font-size: 24px;\">Actividades deportivas<\/li>\n<li style=\"font-size: 24px;\">Din\u00e1micas cooperativas<\/li>\n<li style=\"font-size: 24px;\">Piscina y juegos de agua<\/li>\n<li style=\"font-size: 24px;\">Talleres y actividades creativas<\/li>\n<li style=\"font-size: 24px;\">Excursiones<\/li>\n<li style=\"font-size: 24px;\">Acampada<\/li>\n<\/ul>\n\n\t\t<\/div>\n\t<\/div>\n<\/div><\/div><\/div><div class=\"wpb_column vc_column_container vc_col-sm-6 vc_hidden-sm vc_hidden-xs\"><div class=\"vc_column-inner\"><div class=\"wpb_wrapper\"><\/div><\/div><\/div><\/div><div class=\"vc_row-full-width vc_clearfix\"><\/div><div id=\"activitats2\" data-vc-full-width=\"true\" data-vc-full-width-temp=\"true\" data-vc-full-width-init=\"false\" data-vc-stretch-content=\"true\" class=\"vc_row wpb_row vc_row-fluid wpb_animate_when_almost_visible wpb_fadeIn fadeIn vc_custom_1772918850807 vc_row-has-fill\"><div class=\"wpb_column vc_column_container vc_col-sm-12 vc_hidden-lg vc_hidden-md\"><div class=\"vc_column-inner\"><div class=\"wpb_wrapper\">\n\t<div class=\"wpb_text_column wpb_content_element\" id=\"activitats2\">\n\t\t<div class=\"wpb_wrapper\">\n\t\t\t<p style=\"text-align: center; font-weight: 600; font-size: 22px;\"><strong>Actividades<\/strong><\/p>\n\n\t\t<\/div>\n\t<\/div>\n\n\t<div class=\"wpb_text_column wpb_content_element wpb_animate_when_almost_visible wpb_fadeInLeft fadeInLeft vc_custom_1775928344208\" >\n\t\t<div class=\"wpb_wrapper\">\n\t\t\t<p style=\"text-align: center; text-size: 18px;\">Juegos y retos<\/p>\n\n\t\t<\/div>\n\t<\/div>\n\n\t<div class=\"wpb_text_column wpb_content_element wpb_animate_when_almost_visible wpb_fadeInRight fadeInRight vc_custom_1775928354028\" >\n\t\t<div class=\"wpb_wrapper\">\n\t\t\t<p style=\"text-align: center; text-size: 18px;\">Actividades deportivas<\/p>\n\n\t\t<\/div>\n\t<\/div>\n\n\t<div class=\"wpb_text_column wpb_content_element wpb_animate_when_almost_visible wpb_fadeInLeft fadeInLeft vc_custom_1775928370301\" >\n\t\t<div class=\"wpb_wrapper\">\n\t\t\t<p style=\"text-align: center; text-size: 18px;\">Din\u00e1micas cooperativas<\/p>\n\n\t\t<\/div>\n\t<\/div>\n\n\t<div class=\"wpb_text_column wpb_content_element wpb_animate_when_almost_visible wpb_fadeInRight fadeInRight vc_custom_1775928380761\" >\n\t\t<div class=\"wpb_wrapper\">\n\t\t\t<p style=\"text-align: center; text-size: 18px;\">Piscina y juegos de agua<\/p>\n\n\t\t<\/div>\n\t<\/div>\n\n\t<div class=\"wpb_text_column wpb_content_element wpb_animate_when_almost_visible wpb_fadeInLeft fadeInLeft vc_custom_1775928392499\" >\n\t\t<div class=\"wpb_wrapper\">\n\t\t\t<p style=\"text-align: center; text-size: 18px;\">Talleres y actividades creativas<\/p>\n\n\t\t<\/div>\n\t<\/div>\n\n\t<div class=\"wpb_text_column wpb_content_element wpb_animate_when_almost_visible wpb_fadeInRight fadeInRight\" >\n\t\t<div class=\"wpb_wrapper\">\n\t\t\t<p style=\"text-align: center; text-size: 18px;\">Excursiones<\/p>\n\n\t\t<\/div>\n\t<\/div>\n\n\t<div class=\"wpb_text_column wpb_content_element wpb_animate_when_almost_visible wpb_fadeInLeft fadeInLeft vc_custom_1775928422028\" >\n\t\t<div class=\"wpb_wrapper\">\n\t\t\t<p style=\"text-align: center; text-size: 18px;\">Acampada<\/p>\n\n\t\t<\/div>\n\t<\/div>\n<\/div><\/div><\/div><\/div><div class=\"vc_row-full-width vc_clearfix\"><\/div><div data-vc-full-width=\"true\" data-vc-full-width-temp=\"true\" data-vc-full-width-init=\"false\" data-vc-stretch-content=\"true\" class=\"vc_row wpb_row vc_row-fluid wpb_animate_when_almost_visible wpb_fadeIn fadeIn vc_custom_1746632960144 vc_row-has-fill\"><div class=\"wpb_column vc_column_container vc_col-sm-12 vc_hidden-sm vc_hidden-xs\"><div class=\"vc_column-inner\"><div class=\"wpb_wrapper\">\n\t<div class=\"wpb_text_column wpb_content_element wpb_animate_when_almost_visible wpb_fadeInUp fadeInUp\" id=\"informacio\">\n\t\t<div class=\"wpb_wrapper\">\n\t\t\t<h2 style=\"text-align: center; margin-top: 0; font-weight: 400; font-size: 50px;\"><span style=\"color: #000000;\"><strong>Informaci\u00f3n<\/strong><\/span><\/h2>\n\n\t\t<\/div>\n\t<\/div>\n\n\t<div class=\"wpb_text_column wpb_content_element wpb_animate_when_almost_visible wpb_fadeInUp fadeInUp\" >\n\t\t<div class=\"wpb_wrapper\">\n\t\t\t<p style=\"text-align: center; font-size: 28px;\"><strong><span style=\"color: #000000;\">Descarga los documentos con la informaci\u00f3n de inter\u00e9s del campus<\/span><\/strong><\/p>\n\n\t\t<\/div>\n\t<\/div>\n<div class=\"vc_row wpb_row vc_inner vc_row-fluid vc_column-gap-5\"><div class=\"wpb_column vc_column_container vc_col-sm-4\"><div class=\"vc_column-inner\"><div class=\"wpb_wrapper\"><\/div><\/div><\/div><div class=\"wpb_column vc_column_container vc_col-sm-4\"><div class=\"vc_column-inner\"><div class=\"wpb_wrapper\"><div class=\"vc_btn3-container  bold-button  wpb_animate_when_almost_visible wpb_fadeInRight fadeInRight vc_btn3-center vc_do_btn\" ><a style=\"background-color:#000000; color:#FFFFFF;\" class=\"vc_general vc_btn3 vc_btn3-size-lg vc_btn3-shape-round vc_btn3-style-custom vc_btn3-block\" href=\"https:\/\/dinamix.cat\/wp-content\/uploads\/2026\/04\/Cat_Diptico_SummerCamp2026.pdf\" title=\"\" target=\"_blank\">D\u00edptico informativo<\/a><\/div><\/div><\/div><\/div><div class=\"wpb_column vc_column_container vc_col-sm-4\"><div class=\"vc_column-inner\"><div class=\"wpb_wrapper\"><\/div><\/div><\/div><\/div><div class=\"vc_empty_space\"   style=\"height: 35px\"><span class=\"vc_empty_space_inner\"><\/span><\/div><\/div><\/div><\/div><\/div><div class=\"vc_row-full-width vc_clearfix\"><\/div><div data-vc-full-width=\"true\" data-vc-full-width-temp=\"true\" data-vc-full-width-init=\"false\" data-vc-stretch-content=\"true\" class=\"vc_row wpb_row vc_row-fluid wpb_animate_when_almost_visible wpb_fadeIn fadeIn vc_custom_1746632960144 vc_row-has-fill\"><div class=\"wpb_column vc_column_container vc_col-sm-12 vc_hidden-lg vc_hidden-md\"><div class=\"vc_column-inner\"><div class=\"wpb_wrapper\">\n\t<div class=\"wpb_text_column wpb_content_element wpb_animate_when_almost_visible wpb_fadeInUp fadeInUp\" id=\"informacio2\">\n\t\t<div class=\"wpb_wrapper\">\n\t\t\t<p style=\"text-align: center; font-weight: 600; font-size: 22px;\"><strong><span style=\"color: #000000;\">Informaci\u00f3n<\/span><\/strong><\/p>\n\n\t\t<\/div>\n\t<\/div>\n\n\t<div class=\"wpb_text_column wpb_content_element wpb_animate_when_almost_visible wpb_fadeInUp fadeInUp\" >\n\t\t<div class=\"wpb_wrapper\">\n\t\t\t<p style=\"text-align: center; text-size: 22px;\"><strong><span style=\"color: #000000;\">Descarga los documentos con la informaci\u00f3n de inter\u00e9s del campus <\/span><\/strong><\/p>\n\n\t\t<\/div>\n\t<\/div>\n<div class=\"vc_row wpb_row vc_inner vc_row-fluid vc_column-gap-5\"><div class=\"wpb_column vc_column_container vc_col-sm-12\"><div class=\"vc_column-inner\"><div class=\"wpb_wrapper\"><div class=\"vc_btn3-container  bold-button  wpb_animate_when_almost_visible wpb_fadeInUp fadeInUp vc_btn3-center vc_do_btn\" ><a style=\"background-color:#000000; color:#FFFFFF;\" class=\"vc_general vc_btn3 vc_btn3-size-lg vc_btn3-shape-round vc_btn3-style-custom vc_btn3-block\" href=\"https:\/\/dinamix.cat\/wp-content\/uploads\/2026\/04\/Cat_Diptico_SummerCamp2026.pdf\" title=\"\" target=\"_blank\">D\u00edptico informativo<\/a><\/div><\/div><\/div><\/div><\/div><div class=\"vc_empty_space\"   style=\"height: 32px\"><span class=\"vc_empty_space_inner\"><\/span><\/div><\/div><\/div><\/div><\/div><div class=\"vc_row-full-width vc_clearfix\"><\/div><div data-vc-full-width=\"true\" data-vc-full-width-temp=\"true\" data-vc-full-width-init=\"false\" data-vc-stretch-content=\"true\" class=\"vc_row wpb_row vc_row-fluid wpb_animate_when_almost_visible wpb_fadeIn fadeIn\"><div class=\"wpb_column vc_column_container vc_col-sm-12 vc_hidden-sm vc_hidden-xs\"><div class=\"vc_column-inner\"><div class=\"wpb_wrapper\">\n\t<div class=\"wpb_text_column wpb_content_element wpb_animate_when_almost_visible wpb_fadeInUp fadeInUp\" id=\"inscripcio\">\n\t\t<div class=\"wpb_wrapper\">\n\t\t\t<h2 style=\"text-align: center; font-size: 50px; font-weight: 400;\"><strong>Inscripci\u00f3n<\/strong><\/h2>\n\n\t\t<\/div>\n\t<\/div>\n\n\t<div class=\"wpb_text_column wpb_content_element wpb_animate_when_almost_visible wpb_fadeInUp fadeInUp\" >\n\t\t<div class=\"wpb_wrapper\">\n\t\t\t<h4 style=\"text-align: center; font-weight: 600;\">Para inscribir a un\/a participante en el campus puedes hacerlo mediante el siguiente bot\u00f3n<\/h4>\n\n\t\t<\/div>\n\t<\/div>\n<div class=\"vc_row wpb_row vc_inner vc_row-fluid\"><div class=\"wpb_column vc_column_container vc_col-sm-4\"><div class=\"vc_column-inner\"><div class=\"wpb_wrapper\"><\/div><\/div><\/div><div class=\"wpb_column vc_column_container vc_col-sm-4\"><div class=\"vc_column-inner\"><div class=\"wpb_wrapper\"><div class=\"vc_btn3-container  bold-button  wpb_animate_when_almost_visible wpb_rollIn rollIn vc_btn3-center vc_custom_1775928514309 vc_do_btn\" ><a style=\"background-color:#FFFFFF; color:#000000;\" class=\"vc_general vc_btn3 vc_btn3-size-md vc_btn3-shape-round vc_btn3-style-custom vc_btn3-block\" href=\"https:\/\/forms.gle\/TUccPx9dfUT9nCEH6\" title=\"\" target=\"_blank\">Inscr\u00edbete<\/a><\/div><\/div><\/div><\/div><div class=\"wpb_column vc_column_container vc_col-sm-4\"><div class=\"vc_column-inner\"><div class=\"wpb_wrapper\"><\/div><\/div><\/div><\/div><div class=\"vc_empty_space\"   style=\"height: 35px\"><span class=\"vc_empty_space_inner\"><\/span><\/div><\/div><\/div><\/div><\/div><div class=\"vc_row-full-width vc_clearfix\"><\/div><div data-vc-full-width=\"true\" data-vc-full-width-temp=\"true\" data-vc-full-width-init=\"false\" data-vc-stretch-content=\"true\" class=\"vc_row wpb_row vc_row-fluid wpb_animate_when_almost_visible wpb_fadeIn fadeIn\"><div class=\"wpb_column vc_column_container vc_col-sm-12 vc_hidden-lg vc_hidden-md\"><div class=\"vc_column-inner\"><div class=\"wpb_wrapper\">\n\t<div class=\"wpb_text_column wpb_content_element wpb_animate_when_almost_visible wpb_fadeInUp fadeInUp\" id=\"inscripcio2\">\n\t\t<div class=\"wpb_wrapper\">\n\t\t\t<p style=\"text-align: center; font-weight: 600; font-size: 22px;\"><strong>Inscripci\u00f3n<\/strong><\/p>\n\n\t\t<\/div>\n\t<\/div>\n\n\t<div class=\"wpb_text_column wpb_content_element wpb_animate_when_almost_visible wpb_fadeInUp fadeInUp\" >\n\t\t<div class=\"wpb_wrapper\">\n\t\t\t<p style=\"text-align: center; text-size: 22px;\"><strong>Para inscribir a un\/a participante en el campus puedes hacerlo mediante el siguiente bot\u00f3n<\/strong><\/p>\n\n\t\t<\/div>\n\t<\/div>\n<div class=\"vc_row wpb_row vc_inner vc_row-fluid\"><div class=\"wpb_column vc_column_container vc_col-sm-3\"><div class=\"vc_column-inner\"><div class=\"wpb_wrapper\"><\/div><\/div><\/div><div class=\"wpb_column vc_column_container vc_col-sm-6\"><div class=\"vc_column-inner\"><div class=\"wpb_wrapper\"><div class=\"vc_btn3-container  bold-button  wpb_animate_when_almost_visible wpb_rollIn rollIn vc_btn3-center vc_custom_1775928522818 vc_do_btn\" ><a style=\"background-color:#FFFFFF; color:#000000;\" class=\"vc_general vc_btn3 vc_btn3-size-md vc_btn3-shape-round vc_btn3-style-custom vc_btn3-block\" href=\"https:\/\/forms.gle\/TUccPx9dfUT9nCEH6\" title=\"\" target=\"_blank\">Inscr\u00edbete<\/a><\/div><\/div><\/div><\/div><div class=\"wpb_column vc_column_container vc_col-sm-3\"><div class=\"vc_column-inner\"><div class=\"wpb_wrapper\"><\/div><\/div><\/div><\/div><div class=\"vc_empty_space\"   style=\"height: 32px\"><span class=\"vc_empty_space_inner\"><\/span><\/div><\/div><\/div><\/div><\/div><div class=\"vc_row-full-width vc_clearfix\"><\/div><div data-vc-full-width=\"true\" data-vc-full-width-temp=\"true\" data-vc-full-width-init=\"false\" data-vc-stretch-content=\"true\" class=\"vc_row wpb_row vc_row-fluid wpb_animate_when_almost_visible wpb_fadeIn fadeIn vc_custom_1746632972419 vc_row-has-fill\"><div class=\"wpb_column vc_column_container vc_col-sm-12 vc_hidden-sm vc_hidden-xs\"><div class=\"vc_column-inner\"><div class=\"wpb_wrapper\">\n\t<div class=\"wpb_text_column wpb_content_element wpb_animate_when_almost_visible wpb_fadeInUp fadeInUp\" id=\"reunions\">\n\t\t<div class=\"wpb_wrapper\">\n\t\t\t<h2 style=\"text-align: center; margin-top: 0; font-weight: 400; font-size: 50px;\"><span style=\"color: #000000;\"><strong>Reuni\u00f3n informativa<\/strong><\/span><\/h2>\n\n\t\t<\/div>\n\t<\/div>\n\n\t<div class=\"wpb_text_column wpb_content_element wpb_animate_when_almost_visible wpb_fadeInUp fadeInUp vc_custom_1775827678758\" >\n\t\t<div class=\"wpb_wrapper\">\n\t\t\t<p style=\"text-align: center; font-size: 28px;\"><span style=\"color: #000000;\">Se realizar\u00e1 una <strong>reuni\u00f3n informativa<\/strong> online el <strong>mi\u00e9rcoles 20 de mayo <\/strong>a las<strong> 19:00<\/strong>.<\/span><\/p>\n\n\t\t<\/div>\n\t<\/div>\n<div class=\"vc_row wpb_row vc_inner vc_row-fluid vc_column-gap-5\"><div class=\"wpb_column vc_column_container vc_col-sm-3\"><div class=\"vc_column-inner\"><div class=\"wpb_wrapper\"><\/div><\/div><\/div><div class=\"wpb_column vc_column_container vc_col-sm-6\"><div class=\"vc_column-inner\"><div class=\"wpb_wrapper\"><div class=\"vc_btn3-container  bold-button  wpb_animate_when_almost_visible wpb_fadeInUp fadeInUp vc_btn3-center vc_do_btn\" ><a style=\"background-color:#000000; color:#FFFFFF;\" class=\"vc_general vc_btn3 vc_btn3-size-lg vc_btn3-shape-round vc_btn3-style-custom vc_btn3-block\" href=\"https:\/\/meet.google.com\/xap-pyxa-omz\" title=\"\" target=\"_blank\">Enlace a la reuni\u00f3n<\/a><\/div><\/div><\/div><\/div><div class=\"wpb_column vc_column_container vc_col-sm-3\"><div class=\"vc_column-inner\"><div class=\"wpb_wrapper\"><\/div><\/div><\/div><\/div><div class=\"vc_empty_space\"   style=\"height: 35px\"><span class=\"vc_empty_space_inner\"><\/span><\/div><\/div><\/div><\/div><\/div><div class=\"vc_row-full-width vc_clearfix\"><\/div><div data-vc-full-width=\"true\" data-vc-full-width-temp=\"true\" data-vc-full-width-init=\"false\" data-vc-stretch-content=\"true\" class=\"vc_row wpb_row vc_row-fluid wpb_animate_when_almost_visible wpb_fadeIn fadeIn vc_custom_1746632972419 vc_row-has-fill\"><div class=\"wpb_column vc_column_container vc_col-sm-12 vc_hidden-lg vc_hidden-md\"><div class=\"vc_column-inner\"><div class=\"wpb_wrapper\">\n\t<div class=\"wpb_text_column wpb_content_element wpb_animate_when_almost_visible wpb_fadeInUp fadeInUp\" id=\"reunio2\">\n\t\t<div class=\"wpb_wrapper\">\n\t\t\t<p style=\"text-align: center; font-weight: 600; font-size: 22px;\"><strong><span style=\"color: #000000;\">Reuni\u00f3n informativa<\/span><\/strong><\/p>\n\n\t\t<\/div>\n\t<\/div>\n\n\t<div class=\"wpb_text_column wpb_content_element wpb_animate_when_almost_visible wpb_fadeInUp fadeInUp vc_custom_1775827714458\" >\n\t\t<div class=\"wpb_wrapper\">\n\t\t\t<p style=\"text-align: center; text-size: 22px;\"><span style=\"color: #000000;\">Se realizar\u00e1 una <strong>reuni\u00f3n informativa<\/strong> online el <strong>mi\u00e9rcoles 20 de mayo<\/strong>\u00a0a las <strong>19:00<\/strong>.<\/span><\/p>\n\n\t\t<\/div>\n\t<\/div>\n<div class=\"vc_row wpb_row vc_inner vc_row-fluid vc_column-gap-5\"><div class=\"wpb_column vc_column_container vc_col-sm-3\"><div class=\"vc_column-inner\"><div class=\"wpb_wrapper\"><\/div><\/div><\/div><div class=\"wpb_column vc_column_container vc_col-sm-6\"><div class=\"vc_column-inner\"><div class=\"wpb_wrapper\"><div class=\"vc_btn3-container  bold-button  wpb_animate_when_almost_visible wpb_rollIn rollIn vc_btn3-center vc_do_btn\" ><a style=\"background-color:#000000; color:#FFFFFF;\" class=\"vc_general vc_btn3 vc_btn3-size-lg vc_btn3-shape-round vc_btn3-style-custom vc_btn3-block\" href=\"https:\/\/meet.google.com\/xap-pyxa-omz\" title=\"\" target=\"_blank\">Enlace a la reuni\u00f3n<\/a><\/div><\/div><\/div><\/div><div class=\"wpb_column vc_column_container vc_col-sm-3\"><div class=\"vc_column-inner\"><div class=\"wpb_wrapper\"><\/div><\/div><\/div><\/div><div class=\"vc_empty_space\"   style=\"height: 32px\"><span class=\"vc_empty_space_inner\"><\/span><\/div><\/div><\/div><\/div><\/div><div class=\"vc_row-full-width vc_clearfix\"><\/div><div data-vc-full-width=\"true\" data-vc-full-width-temp=\"true\" data-vc-full-width-init=\"false\" data-vc-stretch-content=\"true\" class=\"vc_row wpb_row vc_row-fluid wpb_animate_when_almost_visible wpb_fadeIn fadeIn\"><div class=\"wpb_column vc_column_container vc_col-sm-12 vc_hidden-sm vc_hidden-xs\"><div class=\"vc_column-inner\"><div class=\"wpb_wrapper\">\n\t<div class=\"wpb_text_column wpb_content_element wpb_animate_when_almost_visible wpb_fadeInUp fadeInUp\" id=\"dia\">\n\t\t<div class=\"wpb_wrapper\">\n\t\t\t<h2 style=\"text-align: center; margin-top: 0; font-weight: 400; font-size: 50px;\"><strong>El d\u00eda a d\u00eda del Campus<\/strong><\/h2>\n\n\t\t<\/div>\n\t<\/div>\n\n\t<div class=\"wpb_text_column wpb_content_element wpb_animate_when_almost_visible wpb_fadeInUp fadeInUp vc_custom_1769247463904\" >\n\t\t<div class=\"wpb_wrapper\">\n\t\t\t<p style=\"text-align: center; font-size: 28px;\"><strong>En los siguientes enlaces encontrar\u00e1s toda la informaci\u00f3n necesaria para cada semana de Campus<\/strong><\/p>\n\n\t\t<\/div>\n\t<\/div>\n<div class=\"vc_row wpb_row vc_inner vc_row-fluid vc_column-gap-5\"><div class=\"wpb_column vc_column_container vc_col-sm-4\"><div class=\"vc_column-inner\"><div class=\"wpb_wrapper\"><\/div><\/div><\/div><div class=\"wpb_column vc_column_container vc_col-sm-4\"><div class=\"vc_column-inner\"><div class=\"wpb_wrapper\"><div class=\"vc_btn3-container  bold-button vc_btn3-center vc_do_btn\" ><a style=\"background-color:#FFFFFF; color:#000000;\" class=\"vc_general vc_btn3 vc_btn3-size-lg vc_btn3-shape-round vc_btn3-style-custom vc_btn3-block\" href=\"https:\/\/chat.whatsapp.com\/LPQLaUL9Z4LLwngTk35XCj\" title=\"\" target=\"_blank\">WhatsApp<\/a><\/div><\/div><\/div><\/div><div class=\"wpb_column vc_column_container vc_col-sm-4\"><div class=\"vc_column-inner\"><div class=\"wpb_wrapper\"><\/div><\/div><\/div><\/div><div class=\"vc_empty_space\"   style=\"height: 65px\"><span class=\"vc_empty_space_inner\"><\/span><\/div><\/div><\/div><\/div><\/div><div class=\"vc_row-full-width vc_clearfix\"><\/div><div data-vc-full-width=\"true\" data-vc-full-width-temp=\"true\" data-vc-full-width-init=\"false\" data-vc-stretch-content=\"true\" class=\"vc_row wpb_row vc_row-fluid wpb_animate_when_almost_visible wpb_fadeIn fadeIn\"><div class=\"wpb_column vc_column_container vc_col-sm-12 vc_hidden-lg vc_hidden-md\"><div class=\"vc_column-inner\"><div class=\"wpb_wrapper\">\n\t<div class=\"wpb_text_column wpb_content_element wpb_animate_when_almost_visible wpb_fadeInUp fadeInUp\" id=\"dia2\">\n\t\t<div class=\"wpb_wrapper\">\n\t\t\t<p style=\"text-align: center; font-weight: 600; font-size: 22px;\"><strong>El d\u00eda a d\u00eda del Campus<\/strong><\/p>\n\n\t\t<\/div>\n\t<\/div>\n\n\t<div class=\"wpb_text_column wpb_content_element wpb_animate_when_almost_visible wpb_fadeInUp fadeInUp vc_custom_1769269196924\" >\n\t\t<div class=\"wpb_wrapper\">\n\t\t\t<p style=\"text-align: center; text-size: 22px;\"><strong>En los siguientes enlaces encontrar\u00e1s toda la informaci\u00f3n necesaria para cada semana de Campus<\/strong><\/p>\n\n\t\t<\/div>\n\t<\/div>\n<div class=\"vc_row wpb_row vc_inner vc_row-fluid vc_column-gap-5\"><div class=\"wpb_column vc_column_container vc_col-sm-12\"><div class=\"vc_column-inner\"><div class=\"wpb_wrapper\"><div class=\"vc_btn3-container  bold-button  wpb_animate_when_almost_visible wpb_fadeInLeft fadeInLeft vc_btn3-center vc_do_btn\" ><a style=\"background-color:#FFFFFF; color:#000000;\" class=\"vc_general vc_btn3 vc_btn3-size-lg vc_btn3-shape-round vc_btn3-style-custom vc_btn3-block\" href=\"https:\/\/chat.whatsapp.com\/LPQLaUL9Z4LLwngTk35XCj\" title=\"\" target=\"_blank\">Comunidad de WhatsApp<\/a><\/div><\/div><\/div><\/div><\/div><div class=\"vc_empty_space\"   style=\"height: 32px\"><span class=\"vc_empty_space_inner\"><\/span><\/div><\/div><\/div><\/div><\/div><div class=\"vc_row-full-width vc_clearfix\"><\/div><div data-vc-full-width=\"true\" data-vc-full-width-temp=\"true\" data-vc-full-width-init=\"false\" data-vc-stretch-content=\"true\" class=\"vc_row wpb_row vc_row-fluid wpb_animate_when_almost_visible wpb_fadeIn fadeIn vc_custom_1747413896411\"><div class=\"wpb_column vc_column_container vc_col-sm-12 vc_hidden-sm vc_hidden-xs\"><div class=\"vc_column-inner\"><div class=\"wpb_wrapper\">\n\t<div class=\"wpb_text_column wpb_content_element\" id=\"faqs\">\n\t\t<div class=\"wpb_wrapper\">\n\t\t\t<h2 style=\"text-align: center; margin-top: 0; font-weight: 400; font-size: 50px;\"><strong>Preguntas frecuentes<\/strong><\/h2>\n\n\t\t<\/div>\n\t<\/div>\n<div class=\"vc_row wpb_row vc_inner vc_row-fluid\"><div class=\"wpb_column vc_column_container vc_col-sm-6\"><div class=\"vc_column-inner\"><div class=\"wpb_wrapper\">\n\t<div class=\"wpb_text_column wpb_content_element\" >\n\t\t<div class=\"wpb_wrapper\">\n\t\t\t<h4><strong>Higiene<\/strong><\/h4>\n\n\t\t<\/div>\n\t<\/div>\n<div  class=\"vc_do_toggle vc_toggle vc_toggle_arrow vc_toggle_color_white  vc_toggle_size_lg vc_custom_1775929057321\"><div class=\"vc_toggle_title\"><h4>\u00bfLos participantes se duchar\u00e1n?<\/h4><i class=\"vc_toggle_icon\"><\/i><\/div><div class=\"vc_toggle_content\"><p><span style=\"font-weight: 400; font-size: 28px;\">S\u00ed, els infants es dutxaran abans de marxar a casa.<\/span><\/p>\n<\/div><\/div><div  class=\"vc_do_toggle vc_toggle vc_toggle_arrow vc_toggle_color_white  vc_toggle_size_lg vc_custom_1746897716446\"><div class=\"vc_toggle_title\"><h4>Els infants es canviaran?<\/h4><i class=\"vc_toggle_icon\"><\/i><\/div><div class=\"vc_toggle_content\"><p><span style=\"font-weight: 400; font-size: 28px;\">S\u00ed. Per tant, \u00e9s recomanable que porteu una muda de recanvi di\u00e0ria per posar-la despr\u00e9s de la dutxa.<\/span><\/p>\n<\/div><\/div><div  class=\"vc_do_toggle vc_toggle vc_toggle_arrow vc_toggle_color_white  vc_toggle_size_lg vc_custom_1775929109879\"><div class=\"vc_toggle_title\"><h4>Els m\u00e9s petits hauran de dur una muda de recanvi?<\/h4><i class=\"vc_toggle_icon\"><\/i><\/div><div class=\"vc_toggle_content\"><p><span style=\"font-weight: 400; font-size: 28px;\">S\u00ed, ho recomanem. El primer dia han de portar una muda que es quedar\u00e0 a les instal\u00b7lacions i ser\u00e0 retornada l&#8217;\u00faltim dia del campus.<\/span><\/p>\n<\/div><\/div><div  class=\"vc_do_toggle vc_toggle vc_toggle_arrow vc_toggle_color_white  vc_toggle_size_lg vc_custom_1747067691927\"><div class=\"vc_toggle_title\"><h4>Cal portar crema solar?<\/h4><i class=\"vc_toggle_icon\"><\/i><\/div><div class=\"vc_toggle_content\"><p><span style=\"font-weight: 400; font-size: 28px;\">S\u00ed, han de venir amb crema solar posada des de casa. Els monitors i monitores ajudaran a aplicar-la diverses vegades al llarg del dia.<\/span><\/p>\n<\/div><\/div><\/div><\/div><\/div><div class=\"wpb_column vc_column_container vc_col-sm-6\"><div class=\"vc_column-inner\"><div class=\"wpb_wrapper\">\n\t<div class=\"wpb_text_column wpb_content_element\" >\n\t\t<div class=\"wpb_wrapper\">\n\t\t\t<h4><strong>Rutines<\/strong><\/h4>\n\n\t\t<\/div>\n\t<\/div>\n<div  class=\"vc_do_toggle vc_toggle vc_toggle_arrow vc_toggle_color_white  vc_toggle_size_lg vc_custom_1775929179343\"><div class=\"vc_toggle_title\"><h4>Com seran les entrades i sortides?<\/h4><i class=\"vc_toggle_icon\"><\/i><\/div><div class=\"vc_toggle_content\"><p><span style=\"font-weight: 400; font-size: 28px;\">Totes les persones participants accediran a l&#8217;edifici principal. Un cop dins, s&#8217;hauran de dirigir a la zona assignada del seu grup.<\/span><\/p>\n<\/div><\/div><div  class=\"vc_do_toggle vc_toggle vc_toggle_arrow vc_toggle_color_white  vc_toggle_size_lg vc_custom_1775929214616\"><div class=\"vc_toggle_title\"><h4>Els m\u00e9s petits faran migdiada?<\/h4><i class=\"vc_toggle_icon\"><\/i><\/div><div class=\"vc_toggle_content\"><p><span style=\"font-weight: 400; font-size: 28px;\">No. Per\u00f2 despr\u00e9s de dinar tindran una estona de calma amb activitats de ritme m\u00e9s tranquil per descansar.<\/span><\/p>\n<\/div><\/div><div  class=\"vc_do_toggle vc_toggle vc_toggle_arrow vc_toggle_color_white  vc_toggle_size_lg vc_custom_1775480369782\"><div class=\"vc_toggle_title\"><h4>Es poden portar objectes personals?<\/h4><i class=\"vc_toggle_icon\"><\/i><\/div><div class=\"vc_toggle_content\"><p><span style=\"font-weight: 400; font-size: 28px;\">No es recomana portar objectes personals. En cas que els portin, l&#8217;organitzaci\u00f3 no se&#8217;n far\u00e0 responsable.<\/span><\/p>\n<\/div><\/div><\/div><\/div><\/div><\/div><div class=\"vc_separator wpb_content_element vc_separator_align_center vc_sep_width_50 vc_sep_pos_align_center vc_separator_no_text vc_sep_color_grey vc_custom_1747069589345 wpb_content_element  vc_custom_1747069589345 wpb_content_element\" ><span class=\"vc_sep_holder vc_sep_holder_l\"><span class=\"vc_sep_line\"><\/span><\/span><span class=\"vc_sep_holder vc_sep_holder_r\"><span class=\"vc_sep_line\"><\/span><\/span>\n<\/div><div class=\"vc_row wpb_row vc_inner vc_row-fluid\"><div class=\"wpb_column vc_column_container vc_col-sm-6\"><div class=\"vc_column-inner\"><div class=\"wpb_wrapper\">\n\t<div class=\"wpb_text_column wpb_content_element\" >\n\t\t<div class=\"wpb_wrapper\">\n\t\t\t<h4><strong>\u00c0pats<\/strong><\/h4>\n\n\t\t<\/div>\n\t<\/div>\n<div  class=\"vc_do_toggle vc_toggle vc_toggle_arrow vc_toggle_color_white  vc_toggle_size_lg vc_custom_1775929734860\"><div class=\"vc_toggle_title\"><h4>Hi ha control de la hidrataci\u00f3?<\/h4><i class=\"vc_toggle_icon\"><\/i><\/div><div class=\"vc_toggle_content\"><p><span style=\"font-weight: 400; font-size: 28px;\">S\u00ed. Disposem de fonts a l&#8217;escola i a les zones d&#8217;activitats per garantir una bona hidrataci\u00f3 al llarg del dia.<\/span><\/p>\n<\/div><\/div><div  class=\"vc_do_toggle vc_toggle vc_toggle_arrow vc_toggle_color_white  vc_toggle_size_lg vc_custom_1747068626797\"><div class=\"vc_toggle_title\"><h4>Els infants han de portar esmorzar?<\/h4><i class=\"vc_toggle_icon\"><\/i><\/div><div class=\"vc_toggle_content\"><p><span style=\"font-weight: 400; font-size: 28px;\">S\u00ed, es recomana portar una pe\u00e7a de fruita o un petit entrep\u00e0 per fer un petit &#8220;break&#8221; entre activitats.<\/span><\/p>\n<\/div><\/div><div  class=\"vc_do_toggle vc_toggle vc_toggle_arrow vc_toggle_color_white  vc_toggle_size_lg vc_custom_1775929274117\"><div class=\"vc_toggle_title\"><h4>Berenaran els infants?<\/h4><i class=\"vc_toggle_icon\"><\/i><\/div><div class=\"vc_toggle_content\"><p><span style=\"font-weight: 400; font-size: 28px;\">S\u00ed, es repartir\u00e0 berenar als infants mentre esperen ser recollits.<\/span><\/p>\n<\/div><\/div><div  class=\"vc_do_toggle vc_toggle vc_toggle_arrow vc_toggle_color_white  vc_toggle_size_lg vc_custom_1775929298283\"><div class=\"vc_toggle_title\"><h4>Els men\u00fas tenen en compte les al\u00b7l\u00e8rgies?<\/h4><i class=\"vc_toggle_icon\"><\/i><\/div><div class=\"vc_toggle_content\"><p><span style=\"font-weight: 400; font-size: 28px;\">S\u00ed. Els men\u00fas s\u00f3n elaborats per nutricionistes i adaptats a cada infant. \u00c9s imprescindible indicar les al\u00b7l\u00e8rgies o intoler\u00e0ncies a l&#8217;hora de fer la inscripci\u00f3.<\/span><\/p>\n<\/div><\/div><\/div><\/div><\/div><div class=\"wpb_column vc_column_container vc_col-sm-6\"><div class=\"vc_column-inner\"><div class=\"wpb_wrapper\">\n\t<div class=\"wpb_text_column wpb_content_element\" >\n\t\t<div class=\"wpb_wrapper\">\n\t\t\t<h4><strong>Grups<\/strong><\/h4>\n\n\t\t<\/div>\n\t<\/div>\n<div  class=\"vc_do_toggle vc_toggle vc_toggle_arrow vc_toggle_color_white  vc_toggle_size_lg vc_custom_1775472187909\"><div class=\"vc_toggle_title\"><h4>Com formeu els grups?<\/h4><i class=\"vc_toggle_icon\"><\/i><\/div><div class=\"vc_toggle_content\"><p><span style=\"font-weight: 400; font-size: 28px;\">Els grups s\u2019organitzen per franges d\u2019edat, per tal d\u2019adaptar les activitats i el ritme de la jornada a cada etapa.<\/span><\/p>\n<\/div><\/div><div  class=\"vc_do_toggle vc_toggle vc_toggle_arrow vc_toggle_color_white  vc_toggle_size_lg vc_custom_1775472211448\"><div class=\"vc_toggle_title\"><h4>Quan sabrem els grups dels infants?<\/h4><i class=\"vc_toggle_icon\"><\/i><\/div><div class=\"vc_toggle_content\"><p><span style=\"font-weight: 400; font-size: 28px;\">Els divendres anterior a l&#8217;inici de la setmana inscrita es publicaran els llistats a l&#8217;apartat el dia a dia del campus. All\u00e0 podreu consultar el grup, companys\/es i monitors\/es.<\/span><\/p>\n<\/div><\/div><\/div><\/div><\/div><\/div><div class=\"vc_separator wpb_content_element vc_separator_align_center vc_sep_width_50 vc_sep_pos_align_center vc_separator_no_text vc_sep_color_grey vc_custom_1747069593629 wpb_content_element  vc_custom_1747069593629 wpb_content_element\" ><span class=\"vc_sep_holder vc_sep_holder_l\"><span class=\"vc_sep_line\"><\/span><\/span><span class=\"vc_sep_holder vc_sep_holder_r\"><span class=\"vc_sep_line\"><\/span><\/span>\n<\/div><div class=\"vc_row wpb_row vc_inner vc_row-fluid\"><div class=\"wpb_column vc_column_container vc_col-sm-6\"><div class=\"vc_column-inner\"><div class=\"wpb_wrapper\">\n\t<div class=\"wpb_text_column wpb_content_element\" >\n\t\t<div class=\"wpb_wrapper\">\n\t\t\t<h4><strong>Actividades<\/strong><\/h4>\n\n\t\t<\/div>\n\t<\/div>\n<div  class=\"vc_do_toggle vc_toggle vc_toggle_arrow vc_toggle_color_white  vc_toggle_size_lg vc_custom_1775929352041\"><div class=\"vc_toggle_title\"><h4>Quines activitats fareu a la piscina?<\/h4><i class=\"vc_toggle_icon\"><\/i><\/div><div class=\"vc_toggle_content\"><p><span style=\"font-weight: 400; font-size: 28px;\">Realitzarem activitats per millorar el nivell de nataci\u00f3 segons l&#8217;edat i el nivell del grup. Tamb\u00e9 hi haur\u00e0 activitats l\u00fadiques a la tarda.<\/span><\/p>\n<\/div><\/div><div  class=\"vc_do_toggle vc_toggle vc_toggle_arrow vc_toggle_color_white  vc_toggle_size_lg vc_custom_1775929377049\"><div class=\"vc_toggle_title\"><h4>Qu\u00e8 passa si plou?<\/h4><i class=\"vc_toggle_icon\"><\/i><\/div><div class=\"vc_toggle_content\"><p><span style=\"font-weight: 400; font-size: 28px;\">En cas de pluja, les activitats es traslladaran a l&#8217;interior de l&#8217;escola.<\/span><\/p>\n<\/div><\/div><\/div><\/div><\/div><\/div><\/div><\/div><\/div><\/div><div class=\"vc_row-full-width vc_clearfix\"><\/div><div data-vc-full-width=\"true\" data-vc-full-width-temp=\"true\" data-vc-full-width-init=\"false\" data-vc-stretch-content=\"true\" class=\"vc_row wpb_row vc_row-fluid wpb_animate_when_almost_visible wpb_fadeIn fadeIn vc_custom_1747149973385\"><div class=\"wpb_column vc_column_container vc_col-sm-12 vc_hidden-lg vc_hidden-md\"><div class=\"vc_column-inner\"><div class=\"wpb_wrapper\">\n\t<div class=\"wpb_text_column wpb_content_element\" id=\"faqs2\">\n\t\t<div class=\"wpb_wrapper\">\n\t\t\t<h2 style=\"text-align: center; font-size: 22px; font-weight: 400;\"><strong>Preguntas frecuentes<\/strong><\/h2>\n\n\t\t<\/div>\n\t<\/div>\n<div class=\"vc_row wpb_row vc_inner vc_row-fluid\"><div class=\"wpb_column vc_column_container vc_col-sm-12\"><div class=\"vc_column-inner\"><div class=\"wpb_wrapper\">\n\t<div class=\"wpb_text_column wpb_content_element\" >\n\t\t<div class=\"wpb_wrapper\">\n\t\t\t<h4><strong>Higiene<\/strong><\/h4>\n\n\t\t<\/div>\n\t<\/div>\n<div  class=\"vc_do_toggle vc_toggle vc_toggle_arrow vc_toggle_color_white  vc_toggle_size_lg vc_custom_1775480394315\"><div class=\"vc_toggle_title\"><h4>\u00bfLos participantes se duchar\u00e1n?<\/h4><i class=\"vc_toggle_icon\"><\/i><\/div><div class=\"vc_toggle_content\"><p><span style=\"font-weight: 400; font-size: 18px;\">S\u00ed. \u00c9s recomanable portar una muda de recanvi di\u00e0ria per posar-la despr\u00e9s de la dutxa.<\/span><\/p>\n<\/div><\/div><div  class=\"vc_do_toggle vc_toggle vc_toggle_arrow vc_toggle_color_white  vc_toggle_size_lg vc_custom_1747505582255\"><div class=\"vc_toggle_title\"><h4>Els infants es canviaran?<\/h4><i class=\"vc_toggle_icon\"><\/i><\/div><div class=\"vc_toggle_content\"><p><span style=\"font-weight: 400; font-size: 18px;\">S\u00ed. Per tant, \u00e9s recomanable que porteu una muda de recanvi di\u00e0ria per posar-la despr\u00e9s de la dutxa.<\/span><\/p>\n<\/div><\/div><div  class=\"vc_do_toggle vc_toggle vc_toggle_arrow vc_toggle_color_white  vc_toggle_size_lg vc_custom_1775929572727\"><div class=\"vc_toggle_title\"><h4>Els m\u00e9s petits hauran de dur una muda de recanvi?<\/h4><i class=\"vc_toggle_icon\"><\/i><\/div><div class=\"vc_toggle_content\"><p><span style=\"font-weight: 400; font-size: 18px;\">S\u00ed, ho recomanem. El primer dia han de portar una muda que es quedar\u00e0 a les instal\u00b7lacions i ser\u00e0 retornada l&#8217;\u00faltim dia del campus.<\/span><\/p>\n<\/div><\/div><div  class=\"vc_do_toggle vc_toggle vc_toggle_arrow vc_toggle_color_white  vc_toggle_size_lg vc_custom_1747505596592\"><div class=\"vc_toggle_title\"><h4>Cal portar crema solar?<\/h4><i class=\"vc_toggle_icon\"><\/i><\/div><div class=\"vc_toggle_content\"><p><span style=\"font-weight: 400; font-size: 18px;\">S\u00ed, han de venir amb crema solar posada des de casa. Els monitors i monitores ajudaran a aplicar-la diverses vegades al llarg del dia.<\/span><\/p>\n<\/div><\/div><div class=\"vc_separator wpb_content_element vc_separator_align_center vc_sep_width_50 vc_sep_pos_align_center vc_separator_no_text vc_sep_color_grey vc_custom_1747069589345 wpb_content_element  vc_custom_1747069589345 wpb_content_element\" ><span class=\"vc_sep_holder vc_sep_holder_l\"><span class=\"vc_sep_line\"><\/span><\/span><span class=\"vc_sep_holder vc_sep_holder_r\"><span class=\"vc_sep_line\"><\/span><\/span>\n<\/div>\n\t<div class=\"wpb_text_column wpb_content_element\" >\n\t\t<div class=\"wpb_wrapper\">\n\t\t\t<h4><strong>Rutines<\/strong><\/h4>\n\n\t\t<\/div>\n\t<\/div>\n<div  class=\"vc_do_toggle vc_toggle vc_toggle_arrow vc_toggle_color_white  vc_toggle_size_lg vc_custom_1775929628862\"><div class=\"vc_toggle_title\"><h4>Com seran les entrades i sortides?<\/h4><i class=\"vc_toggle_icon\"><\/i><\/div><div class=\"vc_toggle_content\"><p><span style=\"font-weight: 400; font-size: 18px;\">Totes les persones participants accediran a l&#8217;edifici principal. Un cop dins, s&#8217;hauran de dirigir a la zona assignada del seu grup.<\/span><\/p>\n<\/div><\/div><div  class=\"vc_do_toggle vc_toggle vc_toggle_arrow vc_toggle_color_white  vc_toggle_size_lg vc_custom_1747505623809\"><div class=\"vc_toggle_title\"><h4>Els m\u00e9s petits faran migdiada?<\/h4><i class=\"vc_toggle_icon\"><\/i><\/div><div class=\"vc_toggle_content\"><p><span style=\"font-weight: 400; font-size: 18px;\">No. Per\u00f2 despr\u00e9s de dinar tindran una estona de calma amb activitats de ritme m\u00e9s tranquil per descansar.<\/span><\/p>\n<\/div><\/div><div  class=\"vc_do_toggle vc_toggle vc_toggle_arrow vc_toggle_color_white  vc_toggle_size_lg vc_custom_1775929669792\"><div class=\"vc_toggle_title\"><h4>Es poden portar objectes personals?<\/h4><i class=\"vc_toggle_icon\"><\/i><\/div><div class=\"vc_toggle_content\"><p><span style=\"font-weight: 400; font-size: 18px;\">No es recomana portar objectes personals. En cas que els portin, l&#8217;organitzaci\u00f3 no se&#8217;n far\u00e0 responsable.<\/span><\/p>\n<\/div><\/div><\/div><\/div><\/div><\/div><div class=\"vc_separator wpb_content_element vc_separator_align_center vc_sep_width_50 vc_sep_pos_align_center vc_separator_no_text vc_sep_color_grey vc_custom_1747069589345 wpb_content_element  vc_custom_1747069589345 wpb_content_element\" ><span class=\"vc_sep_holder vc_sep_holder_l\"><span class=\"vc_sep_line\"><\/span><\/span><span class=\"vc_sep_holder vc_sep_holder_r\"><span class=\"vc_sep_line\"><\/span><\/span>\n<\/div><div class=\"vc_row wpb_row vc_inner vc_row-fluid\"><div class=\"wpb_column vc_column_container vc_col-sm-12\"><div class=\"vc_column-inner\"><div class=\"wpb_wrapper\">\n\t<div class=\"wpb_text_column wpb_content_element\" >\n\t\t<div class=\"wpb_wrapper\">\n\t\t\t<h4><strong>\u00c0pats<\/strong><\/h4>\n\n\t\t<\/div>\n\t<\/div>\n<div  class=\"vc_do_toggle vc_toggle vc_toggle_arrow vc_toggle_color_white  vc_toggle_size_lg vc_custom_1775929722907\"><div class=\"vc_toggle_title\"><h4>Hi ha control de la hidrataci\u00f3?<\/h4><i class=\"vc_toggle_icon\"><\/i><\/div><div class=\"vc_toggle_content\"><p><span style=\"font-weight: 400; font-size: 18px;\">S\u00ed. Disposem de fonts a l&#8217;escola i a les zones d&#8217;activitats per garantir una bona hidrataci\u00f3 al llarg del dia.<\/span><\/p>\n<\/div><\/div><div  class=\"vc_do_toggle vc_toggle vc_toggle_arrow vc_toggle_color_white  vc_toggle_size_lg vc_custom_1747505648409\"><div class=\"vc_toggle_title\"><h4>Els infants han de portar esmorzar?<\/h4><i class=\"vc_toggle_icon\"><\/i><\/div><div class=\"vc_toggle_content\"><p><span style=\"font-weight: 400; font-size: 18px;\">S\u00ed, es recomana portar una pe\u00e7a de fruita o un petit entrep\u00e0 per fer un petit &#8220;break&#8221; entre activitats.<\/span><\/p>\n<\/div><\/div><div  class=\"vc_do_toggle vc_toggle vc_toggle_arrow vc_toggle_color_white  vc_toggle_size_lg vc_custom_1775929765254\"><div class=\"vc_toggle_title\"><h4>Berenaran els infants?<\/h4><i class=\"vc_toggle_icon\"><\/i><\/div><div class=\"vc_toggle_content\"><p><span style=\"font-size: 18px;\">S\u00ed, es repartir\u00e0 berenar als infants mentre esperen ser recollits.<\/span><\/p>\n<\/div><\/div><div  class=\"vc_do_toggle vc_toggle vc_toggle_arrow vc_toggle_color_white  vc_toggle_size_lg vc_custom_1775929781239\"><div class=\"vc_toggle_title\"><h4>Els men\u00fas tenen en compte les al\u00b7l\u00e8rgies?<\/h4><i class=\"vc_toggle_icon\"><\/i><\/div><div class=\"vc_toggle_content\"><p><span style=\"font-weight: 400; font-size: 18px;\">S\u00ed. Els men\u00fas s\u00f3n elaborats per nutricionistes i adaptats a cada infant. \u00c9s imprescindible indicar les al\u00b7l\u00e8rgies o intoler\u00e0ncies a l&#8217;hora de fer la inscripci\u00f3.<\/span><\/p>\n<\/div><\/div><div class=\"vc_separator wpb_content_element vc_separator_align_center vc_sep_width_50 vc_sep_pos_align_center vc_separator_no_text vc_sep_color_grey vc_custom_1747069593629 wpb_content_element  vc_custom_1747069593629 wpb_content_element\" ><span class=\"vc_sep_holder vc_sep_holder_l\"><span class=\"vc_sep_line\"><\/span><\/span><span class=\"vc_sep_holder vc_sep_holder_r\"><span class=\"vc_sep_line\"><\/span><\/span>\n<\/div>\n\t<div class=\"wpb_text_column wpb_content_element\" >\n\t\t<div class=\"wpb_wrapper\">\n\t\t\t<h4><strong>Grups<\/strong><\/h4>\n\n\t\t<\/div>\n\t<\/div>\n<div  class=\"vc_do_toggle vc_toggle vc_toggle_arrow vc_toggle_color_white  vc_toggle_size_lg vc_custom_1747506051917\"><div class=\"vc_toggle_title\"><h4>Com formeu els grups?<\/h4><i class=\"vc_toggle_icon\"><\/i><\/div><div class=\"vc_toggle_content\"><p><span style=\"font-weight: 400; font-size: 18px;\">Els grups es fan per any de naixement, no per l\u2019edat dels infants en el moment de la inscripci\u00f3. Aix\u00f2 ens ajuda a garantir una millor organitzaci\u00f3 i adaptaci\u00f3 de les activitats a cada etapa.<\/span><\/p>\n<\/div><\/div><div  class=\"vc_do_toggle vc_toggle vc_toggle_arrow vc_toggle_color_white  vc_toggle_size_lg vc_custom_1747505969179\"><div class=\"vc_toggle_title\"><h4>Quan sabrem els grups dels infants?<\/h4><i class=\"vc_toggle_icon\"><\/i><\/div><div class=\"vc_toggle_content\"><p><span style=\"font-weight: 400; font-size: 18px;\">Els divendres anterior a l&#8217;inici de la setmana inscrita es publicaran els llistats a l&#8217;apartat el dia a dia del campus. All\u00e0 podreu consultar el grup, companys\/es i monitors\/es.<\/span><\/p>\n<\/div><\/div><\/div><\/div><\/div><\/div><div class=\"vc_separator wpb_content_element vc_separator_align_center vc_sep_width_50 vc_sep_pos_align_center vc_separator_no_text vc_sep_color_grey vc_custom_1747069593629 wpb_content_element  vc_custom_1747069593629 wpb_content_element\" ><span class=\"vc_sep_holder vc_sep_holder_l\"><span class=\"vc_sep_line\"><\/span><\/span><span class=\"vc_sep_holder vc_sep_holder_r\"><span class=\"vc_sep_line\"><\/span><\/span>\n<\/div><div class=\"vc_row wpb_row vc_inner vc_row-fluid\"><div class=\"wpb_column vc_column_container vc_col-sm-12\"><div class=\"vc_column-inner\"><div class=\"wpb_wrapper\">\n\t<div class=\"wpb_text_column wpb_content_element\" >\n\t\t<div class=\"wpb_wrapper\">\n\t\t\t<h4><strong>Actividades<\/strong><\/h4>\n\n\t\t<\/div>\n\t<\/div>\n<div  class=\"vc_do_toggle vc_toggle vc_toggle_arrow vc_toggle_color_white  vc_toggle_size_lg vc_custom_1775929875507\"><div class=\"vc_toggle_title\"><h4>Quines activitats fareu a la piscina?<\/h4><i class=\"vc_toggle_icon\"><\/i><\/div><div class=\"vc_toggle_content\"><p><span style=\"font-weight: 400; font-size: 18px;\">Realitzarem activitats per millorar el nivell de nataci\u00f3 segons l&#8217;edat i el nivell del grup. Tamb\u00e9 hi haur\u00e0 activitats l\u00fadiques a la tarda.<\/span><\/p>\n<\/div><\/div><div  class=\"vc_do_toggle vc_toggle vc_toggle_arrow vc_toggle_color_white  vc_toggle_size_lg vc_custom_1775929907042\"><div class=\"vc_toggle_title\"><h4>Qu\u00e8 passa si plou?<\/h4><i class=\"vc_toggle_icon\"><\/i><\/div><div class=\"vc_toggle_content\"><p><span style=\"font-weight: 400; font-size: 18px;\">En cas de pluja, les activitats es traslladaran a l&#8217;interior de l&#8217;escola.<\/span><\/p>\n<\/div><\/div><\/div><\/div><\/div><\/div><\/div><\/div><\/div><\/div><div class=\"vc_row-full-width vc_clearfix\"><\/div>\n<\/div>","protected":false},"excerpt":{"rendered":"Summer Camp Summer Camp Activitats Informaci\u00f3 Inscripci\u00f3 Reuni\u00f3 Dia a dia FAQs Activitats Informaci\u00f3 Inscripci\u00f3 Reuni\u00f3 informativa Dia a dia FAQs \ud83d\udccd Lloc Escola Lle\u00f3 XIII, Barcelona \ud83d\udcc5 Dates Del 29 de juny al 31 de juliol \ud83d\udd58 Horari De 9:00 a 17:00 \ud83d\udc67 Edats De 3 a 12 anys \ud83d\udccd Lloc Escola Lle\u00f3 XIII, [...]","protected":false},"author":1,"featured_media":0,"parent":0,"menu_order":0,"comment_status":"closed","ping_status":"closed","template":"page-no-separators","meta":{"footnotes":""},"class_list":["post-1962","page","type-page","status-publish","hentry"],"yoast_head":"<!-- This site is optimized with the Yoast SEO plugin v26.4 - https:\/\/yoast.com\/wordpress\/plugins\/seo\/ -->\n<title>Summer Camp Escola Lle\u00f3 XIII - Dinamix - Campus, esdeveniments i serveis<\/title>\n<meta name=\"description\" content=\"Campus en ingl\u00e9s con juegos, deporte y piscina para ni\u00f1os de 3 a 12 a\u00f1os en Barcelona. Enfocado a\" \/>\n<meta name=\"robots\" content=\"index, follow, max-snippet:-1, max-image-preview:large, max-video-preview:-1\" \/>\n<link rel=\"canonical\" href=\"https:\/\/dinamix.cat\/es\/summer-camp-lleo-xiii\/\" \/>\n<meta property=\"og:locale\" content=\"es_ES\" \/>\n<meta property=\"og:type\" content=\"article\" \/>\n<meta property=\"og:title\" content=\"Summer Camp Escola Lle\u00f3 XIII - Dinamix - Campus, esdeveniments i serveis\" \/>\n<meta property=\"og:description\" content=\"Campus en ingl\u00e9s con juegos, deporte y piscina para ni\u00f1os de 3 a 12 a\u00f1os en Barcelona. Enfocado a\" \/>\n<meta property=\"og:url\" content=\"https:\/\/dinamix.cat\/es\/summer-camp-lleo-xiii\/\" \/>\n<meta property=\"og:site_name\" content=\"Dinamix - Campus, esdeveniments i serveis\" \/>\n<meta property=\"article:modified_time\" content=\"2026-04-12T11:11:29+00:00\" \/>\n<meta name=\"twitter:card\" content=\"summary_large_image\" \/>\n<meta name=\"twitter:label1\" content=\"Tiempo de lectura\" \/>\n\t<meta name=\"twitter:data1\" content=\"11 minutos\" \/>\n<script type=\"application\/ld+json\" class=\"yoast-schema-graph\">{\"@context\":\"https:\/\/schema.org\",\"@graph\":[{\"@type\":\"WebPage\",\"@id\":\"https:\/\/dinamix.cat\/summer-camp-lleo-xiii\/\",\"url\":\"https:\/\/dinamix.cat\/summer-camp-lleo-xiii\/\",\"name\":\"Summer Camp Escola Lle\u00f3 XIII - Dinamix - Campus, esdeveniments i serveis\",\"isPartOf\":{\"@id\":\"https:\/\/dinamix.cat\/#website\"},\"datePublished\":\"2026-04-10T13:29:10+00:00\",\"dateModified\":\"2026-04-12T11:11:29+00:00\",\"description\":\"Campus en ingl\u00e9s con juegos, deporte y piscina para ni\u00f1os de 3 a 12 a\u00f1os en Barcelona. Enfocado a\",\"breadcrumb\":{\"@id\":\"https:\/\/dinamix.cat\/summer-camp-lleo-xiii\/#breadcrumb\"},\"inLanguage\":\"es\",\"potentialAction\":[{\"@type\":\"ReadAction\",\"target\":[\"https:\/\/dinamix.cat\/summer-camp-lleo-xiii\/\"]}]},{\"@type\":\"BreadcrumbList\",\"@id\":\"https:\/\/dinamix.cat\/summer-camp-lleo-xiii\/#breadcrumb\",\"itemListElement\":[{\"@type\":\"ListItem\",\"position\":1,\"name\":\"Portada\",\"item\":\"https:\/\/dinamix.cat\/\"},{\"@type\":\"ListItem\",\"position\":2,\"name\":\"Summer Camp Escola Lle\u00f3 XIII\"}]},{\"@type\":\"WebSite\",\"@id\":\"https:\/\/dinamix.cat\/#website\",\"url\":\"https:\/\/dinamix.cat\/\",\"name\":\"Dinamix - Campus, esdeveniments i serveis\",\"description\":\"P\u00e1gina web de Dinamix Oci Esportiu SL\",\"publisher\":{\"@id\":\"https:\/\/dinamix.cat\/#organization\"},\"potentialAction\":[{\"@type\":\"SearchAction\",\"target\":{\"@type\":\"EntryPoint\",\"urlTemplate\":\"https:\/\/dinamix.cat\/?s={search_term_string}\"},\"query-input\":{\"@type\":\"PropertyValueSpecification\",\"valueRequired\":true,\"valueName\":\"search_term_string\"}}],\"inLanguage\":\"es\"},{\"@type\":\"Organization\",\"@id\":\"https:\/\/dinamix.cat\/#organization\",\"name\":\"Dinamix - Campus, esdeveniments i serveis\",\"url\":\"https:\/\/dinamix.cat\/\",\"logo\":{\"@type\":\"ImageObject\",\"inLanguage\":\"es\",\"@id\":\"https:\/\/dinamix.cat\/#\/schema\/logo\/image\/\",\"url\":\"https:\/\/dinamix.cat\/wp-content\/uploads\/2025\/04\/Dinamix_Isotipo_Blanco.png\",\"contentUrl\":\"https:\/\/dinamix.cat\/wp-content\/uploads\/2025\/04\/Dinamix_Isotipo_Blanco.png\",\"width\":2836,\"height\":2836,\"caption\":\"Dinamix - Campus, esdeveniments i serveis\"},\"image\":{\"@id\":\"https:\/\/dinamix.cat\/#\/schema\/logo\/image\/\"}}]}<\/script>\n<!-- \/ Yoast SEO plugin. -->","yoast_head_json":{"title":"Summer Camp Escola Lle\u00f3 XIII - Dinamix - Campus, esdeveniments i serveis","description":"Campus en ingl\u00e9s con juegos, deporte y piscina para ni\u00f1os de 3 a 12 a\u00f1os en Barcelona. Enfocado a","robots":{"index":"index","follow":"follow","max-snippet":"max-snippet:-1","max-image-preview":"max-image-preview:large","max-video-preview":"max-video-preview:-1"},"canonical":"https:\/\/dinamix.cat\/es\/summer-camp-lleo-xiii\/","og_locale":"es_ES","og_type":"article","og_title":"Summer Camp Escola Lle\u00f3 XIII - Dinamix - Campus, esdeveniments i serveis","og_description":"Campus en ingl\u00e9s con juegos, deporte y piscina para ni\u00f1os de 3 a 12 a\u00f1os en Barcelona. Enfocado a","og_url":"https:\/\/dinamix.cat\/es\/summer-camp-lleo-xiii\/","og_site_name":"Dinamix - Campus, esdeveniments i serveis","article_modified_time":"2026-04-12T11:11:29+00:00","twitter_card":"summary_large_image","twitter_misc":{"Tiempo de lectura":"11 minutos"},"schema":{"@context":"https:\/\/schema.org","@graph":[{"@type":"WebPage","@id":"https:\/\/dinamix.cat\/summer-camp-lleo-xiii\/","url":"https:\/\/dinamix.cat\/summer-camp-lleo-xiii\/","name":"Summer Camp Escola Lle\u00f3 XIII - Dinamix - Campus, esdeveniments i serveis","isPartOf":{"@id":"https:\/\/dinamix.cat\/#website"},"datePublished":"2026-04-10T13:29:10+00:00","dateModified":"2026-04-12T11:11:29+00:00","description":"Campus en ingl\u00e9s con juegos, deporte y piscina para ni\u00f1os de 3 a 12 a\u00f1os en Barcelona. Enfocado a","breadcrumb":{"@id":"https:\/\/dinamix.cat\/summer-camp-lleo-xiii\/#breadcrumb"},"inLanguage":"es","potentialAction":[{"@type":"ReadAction","target":["https:\/\/dinamix.cat\/summer-camp-lleo-xiii\/"]}]},{"@type":"BreadcrumbList","@id":"https:\/\/dinamix.cat\/summer-camp-lleo-xiii\/#breadcrumb","itemListElement":[{"@type":"ListItem","position":1,"name":"Portada","item":"https:\/\/dinamix.cat\/"},{"@type":"ListItem","position":2,"name":"Summer Camp Escola Lle\u00f3 XIII"}]},{"@type":"WebSite","@id":"https:\/\/dinamix.cat\/#website","url":"https:\/\/dinamix.cat\/","name":"Dinamix - Campus, esdeveniments i serveis","description":"P\u00e1gina web de Dinamix Oci Esportiu SL","publisher":{"@id":"https:\/\/dinamix.cat\/#organization"},"potentialAction":[{"@type":"SearchAction","target":{"@type":"EntryPoint","urlTemplate":"https:\/\/dinamix.cat\/?s={search_term_string}"},"query-input":{"@type":"PropertyValueSpecification","valueRequired":true,"valueName":"search_term_string"}}],"inLanguage":"es"},{"@type":"Organization","@id":"https:\/\/dinamix.cat\/#organization","name":"Dinamix - Campus, esdeveniments i serveis","url":"https:\/\/dinamix.cat\/","logo":{"@type":"ImageObject","inLanguage":"es","@id":"https:\/\/dinamix.cat\/#\/schema\/logo\/image\/","url":"https:\/\/dinamix.cat\/wp-content\/uploads\/2025\/04\/Dinamix_Isotipo_Blanco.png","contentUrl":"https:\/\/dinamix.cat\/wp-content\/uploads\/2025\/04\/Dinamix_Isotipo_Blanco.png","width":2836,"height":2836,"caption":"Dinamix - Campus, esdeveniments i serveis"},"image":{"@id":"https:\/\/dinamix.cat\/#\/schema\/logo\/image\/"}}]}},"_links":{"self":[{"href":"https:\/\/dinamix.cat\/es\/wp-json\/wp\/v2\/pages\/1962","targetHints":{"allow":["GET"]}}],"collection":[{"href":"https:\/\/dinamix.cat\/es\/wp-json\/wp\/v2\/pages"}],"about":[{"href":"https:\/\/dinamix.cat\/es\/wp-json\/wp\/v2\/types\/page"}],"author":[{"embeddable":true,"href":"https:\/\/dinamix.cat\/es\/wp-json\/wp\/v2\/users\/1"}],"replies":[{"embeddable":true,"href":"https:\/\/dinamix.cat\/es\/wp-json\/wp\/v2\/comments?post=1962"}],"version-history":[{"count":8,"href":"https:\/\/dinamix.cat\/es\/wp-json\/wp\/v2\/pages\/1962\/revisions"}],"predecessor-version":[{"id":1975,"href":"https:\/\/dinamix.cat\/es\/wp-json\/wp\/v2\/pages\/1962\/revisions\/1975"}],"wp:attachment":[{"href":"https:\/\/dinamix.cat\/es\/wp-json\/wp\/v2\/media?parent=1962"}],"curies":[{"name":"wp","href":"https:\/\/api.w.org\/{rel}","templated":true}]}}